{"id":8317,"date":"2023-12-19T12:17:38","date_gmt":"2023-12-19T12:17:38","guid":{"rendered":"https:\/\/www.tryplisboacaparica.com\/lisboa-caparica\/"},"modified":"2025-01-07T15:35:15","modified_gmt":"2025-01-07T15:35:15","slug":"lissabon-caparica","status":"publish","type":"page","link":"https:\/\/www.tryplisboacaparica.com\/de\/lissabon-caparica\/","title":{"rendered":"Lissabon &amp; Caparica"},"content":{"rendered":"\t\t<div data-elementor-type=\"wp-page\" data-elementor-id=\"8317\" class=\"elementor elementor-8317 elementor-1997\" data-elementor-post-type=\"page\">\n\t\t\t\t<section class=\"elementor-element elementor-element-9d18320 e-con-full e-flex e-con e-parent\" data-id=\"9d18320\" data-element_type=\"container\" data-settings=\"{&quot;background_background&quot;:&quot;classic&quot;}\">\n\t\t<div class=\"elementor-element elementor-element-edc3c07 e-con-full e-flex e-con e-child\" data-id=\"edc3c07\" data-element_type=\"container\">\n\t\t\t\t<div class=\"elementor-element elementor-element-0517a6e elementor-widget elementor-widget-heading\" data-id=\"0517a6e\" data-element_type=\"widget\" data-widget_type=\"heading.default\">\n\t\t\t\t<div class=\"elementor-widget-container\">\n\t\t\t\t\t<h1 class=\"elementor-heading-title elementor-size-default\">lissabon &amp;<\/h1>\t\t\t\t<\/div>\n\t\t\t\t<\/div>\n\t\t\t\t<div class=\"elementor-element elementor-element-14f695f elementor-widget elementor-widget-heading\" data-id=\"14f695f\" data-element_type=\"widget\" data-widget_type=\"heading.default\">\n\t\t\t\t<div class=\"elementor-widget-container\">\n\t\t\t\t\t<h2 class=\"elementor-heading-title elementor-size-default\">caparica<\/h2>\t\t\t\t<\/div>\n\t\t\t\t<\/div>\n\t\t\t\t<\/div>\n\t\t\t\t<\/section>\n\t\t<section class=\"elementor-element elementor-element-8e7a29a e-con-full e-flex e-con e-parent\" data-id=\"8e7a29a\" data-element_type=\"container\">\n\t\t\t\t<div class=\"elementor-element elementor-element-5428f0b elementor-widget elementor-widget-text-editor\" data-id=\"5428f0b\" data-element_type=\"widget\" data-widget_type=\"text-editor.default\">\n\t\t\t\t<div class=\"elementor-widget-container\">\n\t\t\t\t\t\t\t\t\t<p>Die zwischen dem Meer und H\u00fcgeln gelegene Gemeinde Costa de Caparica erstreckt sich auf einer Fl\u00e4che von 10,74 km2, die fr\u00fcher gr\u00f6\u00dftenteils vom Ozean bedeckt war. Hier befindet sich der gr\u00f6\u00dfte durchgehende Strand des Landes, der sich auf einer L\u00e4nge von ungef\u00e4hr 30 km erstreckt. Das Schutzgebiet der Arriba F\u00f3ssil da Costa de Caparica bietet sehr interessante geologische und geomorphologische Aspekte und ist nicht nur aus wissenschaftlicher, sondern auch aus landschaftlicher Sicht sehr attraktiv. Die sch\u00f6nen, durch Erosion entstandenen Formen, die Ockert\u00f6ne und die zahlreichen, von \u00fcppiger Natur bestandenen Schluchten bilden einen einmaligen Hintergrund, der die gesamte K\u00fcstenlinie ziert.<br \/>Lissabon ist eine Stadt voller Licht. Der Tejo und die Sonnen sind quasi immer pr\u00e4sent und verwandeln die portugiesische Hauptstadt in einen farbenfrohen Spiegel, in dem einem die Sch\u00f6nheit und die Einmaligkeit der Architektur nicht entgehen.<br \/>In Lissabon gibt es immer etwas zu sehen und zu tun und jedem Besucher er\u00f6ffnet sich eine Welt unterschiedlichster Erfahrungen.<\/p>\t\t\t\t\t\t\t\t<\/div>\n\t\t\t\t<\/div>\n\t\t\t\t<\/section>\n\t\t<div class=\"elementor-element elementor-element-484e8bf e-con-full e-flex e-con e-parent\" data-id=\"484e8bf\" data-element_type=\"container\">\n\t\t\t\t<div class=\"elementor-element elementor-element-5b88a1e elementor-widget elementor-widget-heading\" data-id=\"5b88a1e\" data-element_type=\"widget\" data-widget_type=\"heading.default\">\n\t\t\t\t<div class=\"elementor-widget-container\">\n\t\t\t\t\t<h5 class=\"elementor-heading-title elementor-size-default\">Galerie<\/h5>\t\t\t\t<\/div>\n\t\t\t\t<\/div>\n\t\t\t\t<div class=\"elementor-element elementor-element-33fcce4 elementor-skin-carousel elementor-arrows-yes elementor-pagination-type-bullets elementor-pagination-position-outside elementor-widget elementor-widget-hoti-gallery-slider\" data-id=\"33fcce4\" data-element_type=\"widget\" data-settings=\"{&quot;slides_per_view&quot;:&quot;3&quot;,&quot;skin&quot;:&quot;carousel&quot;,&quot;effect&quot;:&quot;slide&quot;,&quot;show_arrows&quot;:&quot;yes&quot;,&quot;pagination&quot;:&quot;bullets&quot;,&quot;speed&quot;:500,&quot;autoplay&quot;:&quot;yes&quot;,&quot;autoplay_speed&quot;:5000,&quot;pause_on_hover&quot;:&quot;yes&quot;,&quot;pause_on_interaction&quot;:&quot;yes&quot;,&quot;space_between&quot;:{&quot;unit&quot;:&quot;px&quot;,&quot;size&quot;:10,&quot;sizes&quot;:[]},&quot;space_between_tablet_extra&quot;:{&quot;unit&quot;:&quot;px&quot;,&quot;size&quot;:10,&quot;sizes&quot;:[]},&quot;space_between_tablet&quot;:{&quot;unit&quot;:&quot;px&quot;,&quot;size&quot;:10,&quot;sizes&quot;:[]},&quot;space_between_mobile_extra&quot;:{&quot;unit&quot;:&quot;px&quot;,&quot;size&quot;:10,&quot;sizes&quot;:[]},&quot;space_between_mobile&quot;:{&quot;unit&quot;:&quot;px&quot;,&quot;size&quot;:10,&quot;sizes&quot;:[]}}\" data-widget_type=\"hoti-gallery-slider.default\">\n\t\t\t\t<div class=\"elementor-widget-container\">\n\t\t\t\t\t\t\t\t\t<div class=\"elementor-swiper\">\n\t\t\t\t\t<div class=\"elementor-main-swiper swiper\" role=\"region\" aria-roledescription=\"carousel\" aria-label=\"Slider\">\n\t\t\t\t<div class=\"swiper-wrapper\">\n\t\t\t\t\t\t\t\t\t\t\t<div class=\"swiper-slide\" role=\"group\" aria-roledescription=\"slide\">\n\t\t\t\t\t\t\t\t\t<div class=\"elementor-carousel-image portrait\" role=\"img\" aria-label=\"img_home_slider1\" style=\"background-image: url(&#039;https:\/\/www.tryplisboacaparica.com\/wp-content\/uploads\/2023\/11\/img_home_slider1.jpg&#039;)\">\r\n\r\n\t\t\t\r\n\t\t\t\t\t<\/div>\r\n\t\t\t\t\t\t\t\t<\/div>\n\t\t\t\t\t\t\t\t\t\t\t<div class=\"swiper-slide\" role=\"group\" aria-roledescription=\"slide\">\n\t\t\t\t\t\t\t\t\t<div class=\"elementor-carousel-image landscape\" role=\"img\" aria-label=\"img_home_slider2\" style=\"background-image: url(&#039;https:\/\/www.tryplisboacaparica.com\/wp-content\/uploads\/2023\/11\/img_home_slider2.jpg&#039;)\">\r\n\r\n\t\t\t\r\n\t\t\t\t\t<\/div>\r\n\t\t\t\t\t\t\t\t<\/div>\n\t\t\t\t\t\t\t\t\t\t\t<div class=\"swiper-slide\" role=\"group\" aria-roledescription=\"slide\">\n\t\t\t\t\t\t\t\t\t<div class=\"elementor-carousel-image portrait\" role=\"img\" aria-label=\"img_home_slider3\" style=\"background-image: url(&#039;https:\/\/www.tryplisboacaparica.com\/wp-content\/uploads\/2023\/11\/img_home_slider3.jpg&#039;)\">\r\n\r\n\t\t\t\r\n\t\t\t\t\t<\/div>\r\n\t\t\t\t\t\t\t\t<\/div>\n\t\t\t\t\t\t\t\t\t\t\t<div class=\"swiper-slide\" role=\"group\" aria-roledescription=\"slide\">\n\t\t\t\t\t\t\t\t\t<div class=\"elementor-carousel-image landscape\" role=\"img\" aria-label=\"img_home_slider4\" style=\"background-image: url(&#039;https:\/\/www.tryplisboacaparica.com\/wp-content\/uploads\/2023\/11\/img_home_slider4.jpg&#039;)\">\r\n\r\n\t\t\t\r\n\t\t\t\t\t<\/div>\r\n\t\t\t\t\t\t\t\t<\/div>\n\t\t\t\t\t\t\t\t\t<\/div>\n\t\t\t\t\t\t\t\t\t\t\t\t\t\t\t<div class=\"elementor-swiper-button elementor-swiper-button-prev\" role=\"button\" tabindex=\"0\" aria-label=\"Voriger\">\n\t\t\t\t\t\t\t<i aria-hidden=\"true\" class=\"eicon-chevron-left\"><\/i>\t\t\t\t\t\t<\/div>\n\t\t\t\t\t\t<div class=\"elementor-swiper-button elementor-swiper-button-next\" role=\"button\" tabindex=\"0\" aria-label=\"N\u00e4chster\">\n\t\t\t\t\t\t\t<i aria-hidden=\"true\" class=\"eicon-chevron-right\"><\/i>\t\t\t\t\t\t<\/div>\n\t\t\t\t\t\t\t\t\t\t\t\t\t\t\t\t<div class=\"swiper-pagination\"><\/div>\n\t\t\t\t\t\t\t\t\t\t\t\t<\/div>\n\t\t\t\t<\/div>\n\t\t\t\t\t\t\t\t<\/div>\n\t\t\t\t<\/div>\n\t\t\t\t<\/div>\n\t\t<section class=\"elementor-element elementor-element-5be6fa1 e-con-full e-flex e-con e-parent\" data-id=\"5be6fa1\" data-element_type=\"container\">\n\t\t<div class=\"elementor-element elementor-element-637ccd9 e-con-full e-flex e-con e-child\" data-id=\"637ccd9\" data-element_type=\"container\">\n\t\t<div class=\"elementor-element elementor-element-55df4ad e-con-full e-flex e-con e-child\" data-id=\"55df4ad\" data-element_type=\"container\">\n\t\t\t\t<div class=\"elementor-element elementor-element-650bc2a elementor-widget elementor-widget-heading\" data-id=\"650bc2a\" data-element_type=\"widget\" data-widget_type=\"heading.default\">\n\t\t\t\t<div class=\"elementor-widget-container\">\n\t\t\t\t\t<h2 class=\"elementor-heading-title elementor-size-default\">ENTDECKEN SIE COSTA<\/h2>\t\t\t\t<\/div>\n\t\t\t\t<\/div>\n\t\t\t\t<div class=\"elementor-element elementor-element-1062144 elementor-widget elementor-widget-heading\" data-id=\"1062144\" data-element_type=\"widget\" data-widget_type=\"heading.default\">\n\t\t\t\t<div class=\"elementor-widget-container\">\n\t\t\t\t\t<h2 class=\"elementor-heading-title elementor-size-default\">DA CAPARICA<\/h2>\t\t\t\t<\/div>\n\t\t\t\t<\/div>\n\t\t\t\t<div class=\"elementor-element elementor-element-da84be1 elementor-widget__width-initial elementor-widget elementor-widget-text-editor\" data-id=\"da84be1\" data-element_type=\"widget\" data-widget_type=\"text-editor.default\">\n\t\t\t\t<div class=\"elementor-widget-container\">\n\t\t\t\t\t\t\t\t\t<ul><li>Verbringen Sie den Tag an der Praia da Costa da Caparica oder der Praia da Rainha, die f\u00fcr ihre ausgedehnten Sandstr\u00e4nde und hervorragenden Wassersportbedingungen bekannt sind.<\/li><li>Machen Sie entspannte Spazierg\u00e4nge entlang der langen Strandpromenade und genie\u00dfen Sie den Panoramablick auf das Meer.<\/li><li>Wassersport: Probieren Sie neben dem Surfen auch andere Wassersportarten wie Bodyboarding, Stand-up-Paddle oder sogar Segelkurse aus. <\/li><li>Entdecken Sie das Naturreservat mit seinen Wanderwegen durch D\u00fcnen und W\u00e4lder, die ein einzigartiges Erlebnis der unber\u00fchrten Natur anbieten.<\/li><li>Probieren Sie in den Restaurants am Meer traditionelle Fisch- und Meeresfr\u00fcchtegerichte wie die Meeresfr\u00fcchte-Cataplana oder den ber\u00fchmten frittierten Tintenfisch.<\/li><li>Besuchen Sie den Cristo Rei und bewundern Sie den herrlichen Blick \u00fcber den Tejo.<\/li><li>Entdecken Sie die schlichte Architektur und die kontemplativen R\u00e4ume des Convento dos Capuchos und genie\u00dfen Sie von seinem Aussichtspunkt aus ein spektakul\u00e4res Panorama der Region, besonders bei Sonnenuntergang.<\/li><\/ul>\t\t\t\t\t\t\t\t<\/div>\n\t\t\t\t<\/div>\n\t\t\t\t<\/div>\n\t\t\t\t<\/div>\n\t\t<div class=\"elementor-element elementor-element-65d27bb e-con-full e-flex e-con e-child\" data-id=\"65d27bb\" data-element_type=\"container\" data-settings=\"{&quot;background_background&quot;:&quot;classic&quot;}\">\n\t\t\t\t<div class=\"elementor-element elementor-element-bcfdf42 elementor-widget elementor-widget-spacer\" data-id=\"bcfdf42\" data-element_type=\"widget\" data-widget_type=\"spacer.default\">\n\t\t\t\t<div class=\"elementor-widget-container\">\n\t\t\t\t\t\t\t<div class=\"elementor-spacer\">\n\t\t\t<div class=\"elementor-spacer-inner\"><\/div>\n\t\t<\/div>\n\t\t\t\t\t\t<\/div>\n\t\t\t\t<\/div>\n\t\t\t\t<\/div>\n\t\t\t\t<\/section>\n\t\t<section class=\"elementor-element elementor-element-540cb73 e-con-full e-flex e-con e-parent\" data-id=\"540cb73\" data-element_type=\"container\">\n\t\t<div class=\"elementor-element elementor-element-e3e1f7c e-con-full e-flex e-con e-child\" data-id=\"e3e1f7c\" data-element_type=\"container\" data-settings=\"{&quot;background_background&quot;:&quot;classic&quot;}\">\n\t\t\t\t<div class=\"elementor-element elementor-element-917d9c4 elementor-widget elementor-widget-spacer\" data-id=\"917d9c4\" data-element_type=\"widget\" data-widget_type=\"spacer.default\">\n\t\t\t\t<div class=\"elementor-widget-container\">\n\t\t\t\t\t\t\t<div class=\"elementor-spacer\">\n\t\t\t<div class=\"elementor-spacer-inner\"><\/div>\n\t\t<\/div>\n\t\t\t\t\t\t<\/div>\n\t\t\t\t<\/div>\n\t\t\t\t<\/div>\n\t\t<div class=\"elementor-element elementor-element-75fb5c0 e-con-full e-flex e-con e-child\" data-id=\"75fb5c0\" data-element_type=\"container\">\n\t\t<div class=\"elementor-element elementor-element-5fdd577 e-con-full e-flex e-con e-child\" data-id=\"5fdd577\" data-element_type=\"container\">\n\t\t\t\t<div class=\"elementor-element elementor-element-3395003 elementor-widget elementor-widget-heading\" data-id=\"3395003\" data-element_type=\"widget\" data-widget_type=\"heading.default\">\n\t\t\t\t<div class=\"elementor-widget-container\">\n\t\t\t\t\t<h2 class=\"elementor-heading-title elementor-size-default\">EINFACH DIE STADT<\/h2>\t\t\t\t<\/div>\n\t\t\t\t<\/div>\n\t\t\t\t<div class=\"elementor-element elementor-element-eb30610 elementor-widget elementor-widget-heading\" data-id=\"eb30610\" data-element_type=\"widget\" data-widget_type=\"heading.default\">\n\t\t\t\t<div class=\"elementor-widget-container\">\n\t\t\t\t\t<h2 class=\"elementor-heading-title elementor-size-default\">LISSABON F\u00dcHLEN<\/h2>\t\t\t\t<\/div>\n\t\t\t\t<\/div>\n\t\t\t\t<div class=\"elementor-element elementor-element-ca4faff elementor-widget elementor-widget-text-editor\" data-id=\"ca4faff\" data-element_type=\"widget\" data-widget_type=\"text-editor.default\">\n\t\t\t\t<div class=\"elementor-widget-container\">\n\t\t\t\t\t\t\t\t\t<p>Spazieren Sie durch Lissabon mit seiner \u00fcber tausendj\u00e4hrigen Geschichte, voller Monumente und typischer Viertel, aus denen sich die Stadt entwickelt hat und wo sie noch am urspr\u00fcnglichsten ist.<br \/>Besuchen Sie den Bereich am Tejo-Ufer, wo Lissabon ein vielf\u00e4ltiges Unterhaltungsangebot bietet und der von dem monumentalen Viertel Bel\u00e9m bis zum modernen Parque das Na\u00e7\u00f5es reicht.<br \/>Vergn\u00fcgen Sie sich in einem Lissabon mit einem intensiven Nachtleben, das kein Ende kennt.<br \/>Nutzen Sie die sportliche Seite Lissabons f\u00fcr eine Partie Golf oder Aktivit\u00e4ten am nahe gelegenen Meer.<br \/>Erleben Sie ein ruhigeres Lissabon in den Parks, G\u00e4rten, Caf\u00e9s, Esplanaden und an den Aussichtspunkten der Stadt. Sp\u00fcren Sie das reine Vergn\u00fcgen, das Ihnen Lissabon mit seiner Gastronomie, seinen Luxushotels, seinen Spas und Einkaufszentren bietet. Lissabon. Eine ganz pers\u00f6nliche Erfahrung.<\/p>\t\t\t\t\t\t\t\t<\/div>\n\t\t\t\t<\/div>\n\t\t\t\t<\/div>\n\t\t\t\t<\/div>\n\t\t\t\t<\/section>\n\t\t<div class=\"elementor-element elementor-element-6d9b414 e-con-full e-flex e-con e-parent\" data-id=\"6d9b414\" data-element_type=\"container\">\n\t\t\t\t<div class=\"elementor-element elementor-element-cbaed58 elementor-widget elementor-widget-heading\" data-id=\"cbaed58\" data-element_type=\"widget\" data-widget_type=\"heading.default\">\n\t\t\t\t<div class=\"elementor-widget-container\">\n\t\t\t\t\t<h5 class=\"elementor-heading-title elementor-size-default\">Was sehen und was tun<\/h5>\t\t\t\t<\/div>\n\t\t\t\t<\/div>\n\t\t<div class=\"elementor-element elementor-element-b346bc2 e-con-full e-flex e-con e-child\" data-id=\"b346bc2\" data-element_type=\"container\">\n\t\t\t\t<div class=\"elementor-element elementor-element-740e4bc elementor-widget elementor-widget-n-carousel\" data-id=\"740e4bc\" data-element_type=\"widget\" data-settings=\"{&quot;carousel_items&quot;:[{&quot;slide_title&quot;:&quot;Slide #1&quot;,&quot;_id&quot;:&quot;bc1ad8d&quot;},{&quot;slide_title&quot;:&quot;Slide #2&quot;,&quot;_id&quot;:&quot;817f723&quot;},{&quot;slide_title&quot;:&quot;Slide #3&quot;,&quot;_id&quot;:&quot;f0475f9&quot;},{&quot;_id&quot;:&quot;ca82639&quot;,&quot;slide_title&quot;:&quot;Slide #4&quot;}],&quot;slides_to_show&quot;:&quot;4&quot;,&quot;image_spacing_custom&quot;:{&quot;unit&quot;:&quot;px&quot;,&quot;size&quot;:&quot;30&quot;,&quot;sizes&quot;:[]},&quot;slides_to_show_mobile_extra&quot;:&quot;1&quot;,&quot;slides_to_scroll_mobile_extra&quot;:&quot;1&quot;,&quot;slides_to_show_tablet&quot;:&quot;2&quot;,&quot;slides_to_show_mobile&quot;:&quot;1&quot;,&quot;autoplay&quot;:&quot;yes&quot;,&quot;autoplay_speed&quot;:5000,&quot;pause_on_hover&quot;:&quot;yes&quot;,&quot;pause_on_interaction&quot;:&quot;yes&quot;,&quot;speed&quot;:500,&quot;image_spacing_custom_tablet_extra&quot;:{&quot;unit&quot;:&quot;px&quot;,&quot;size&quot;:&quot;&quot;,&quot;sizes&quot;:[]},&quot;image_spacing_custom_tablet&quot;:{&quot;unit&quot;:&quot;px&quot;,&quot;size&quot;:&quot;&quot;,&quot;sizes&quot;:[]},&quot;image_spacing_custom_mobile_extra&quot;:{&quot;unit&quot;:&quot;px&quot;,&quot;size&quot;:&quot;&quot;,&quot;sizes&quot;:[]},&quot;image_spacing_custom_mobile&quot;:{&quot;unit&quot;:&quot;px&quot;,&quot;size&quot;:&quot;&quot;,&quot;sizes&quot;:[]}}\" data-widget_type=\"nested-carousel.default\">\n\t\t\t\t<div class=\"elementor-widget-container\">\n\t\t\t\t\t\t\t<div class=\"e-n-carousel swiper\" role=\"region\" aria-roledescription=\"carousel\" aria-label=\"Karussell\" dir=\"ltr\">\n\t\t\t<div class=\"swiper-wrapper\" aria-live=\"off\">\n\t\t\t\t\t\t\t\t\t\t<div class=\"swiper-slide\" data-slide=\"1\" role=\"group\" aria-roledescription=\"slide\" aria-label=\"1 von 4\">\n\t\t\t\t\t\t\t<div class=\"elementor-element elementor-element-53701c7 e-flex e-con-boxed e-con e-child\" data-id=\"53701c7\" data-element_type=\"container\">\n\t\t\t\t\t<div class=\"e-con-inner\">\n\t\t<div class=\"elementor-element elementor-element-89754ef e-con-full e-flex e-con e-child\" data-id=\"89754ef\" data-element_type=\"container\">\n\t\t\t\t<div class=\"elementor-element elementor-element-e0a8418 elementor-widget__width-initial elementor-position-top elementor-widget elementor-widget-image-box\" data-id=\"e0a8418\" data-element_type=\"widget\" data-widget_type=\"image-box.default\">\n\t\t\t\t<div class=\"elementor-widget-container\">\n\t\t\t\t\t<div class=\"elementor-image-box-wrapper\"><figure class=\"elementor-image-box-img\"><img fetchpriority=\"high\" decoding=\"async\" width=\"407\" height=\"500\" src=\"https:\/\/www.tryplisboacaparica.com\/wp-content\/uploads\/2023\/12\/Praias-1.jpg\" class=\"attachment-full size-full wp-image-2019\" alt=\"Praias 1\" srcset=\"https:\/\/www.tryplisboacaparica.com\/wp-content\/uploads\/2023\/12\/Praias-1.jpg 407w, https:\/\/www.tryplisboacaparica.com\/wp-content\/uploads\/2023\/12\/Praias-1-244x300.jpg 244w\" sizes=\"(max-width: 407px) 100vw, 407px\" \/><\/figure><div class=\"elementor-image-box-content\"><h3 class=\"elementor-image-box-title\">Str\u00e4nde<\/h3><p class=\"elementor-image-box-description\">Entspannen Sie sich an einem der langen, herrlichen Str\u00e4nde der Costa da Caparica. Str\u00e4nde mit weichem, wei\u00dfem Sand.<\/p><\/div><\/div>\t\t\t\t<\/div>\n\t\t\t\t<\/div>\n\t\t\t\t<\/div>\n\t\t\t\t\t<\/div>\n\t\t\t\t<\/div>\n\t\t\t\t\t\t\t\t<\/div>\n\t\t\t\t\t\t\t\t\t\t\t<div class=\"swiper-slide\" data-slide=\"2\" role=\"group\" aria-roledescription=\"slide\" aria-label=\"2 von 4\">\n\t\t\t\t\t\t\t<div class=\"elementor-element elementor-element-f76e8da e-flex e-con-boxed e-con e-child\" data-id=\"f76e8da\" data-element_type=\"container\">\n\t\t\t\t\t<div class=\"e-con-inner\">\n\t\t\t\t<div class=\"elementor-element elementor-element-357ba66 elementor-widget__width-initial elementor-position-top elementor-widget elementor-widget-image-box\" data-id=\"357ba66\" data-element_type=\"widget\" data-widget_type=\"image-box.default\">\n\t\t\t\t<div class=\"elementor-widget-container\">\n\t\t\t\t\t<div class=\"elementor-image-box-wrapper\"><figure class=\"elementor-image-box-img\"><img decoding=\"async\" width=\"408\" height=\"500\" src=\"https:\/\/www.tryplisboacaparica.com\/wp-content\/uploads\/2023\/12\/AdobeStock_298858815-2.jpg\" class=\"attachment-full size-full wp-image-2029\" alt=\"AdobeStock_298858815 (2)\" srcset=\"https:\/\/www.tryplisboacaparica.com\/wp-content\/uploads\/2023\/12\/AdobeStock_298858815-2.jpg 408w, https:\/\/www.tryplisboacaparica.com\/wp-content\/uploads\/2023\/12\/AdobeStock_298858815-2-245x300.jpg 245w\" sizes=\"(max-width: 408px) 100vw, 408px\" \/><\/figure><div class=\"elementor-image-box-content\"><h3 class=\"elementor-image-box-title\">Surf<\/h3><p class=\"elementor-image-box-description\">Surfen an der Costa da Caparica ist ein aufregendes Erlebnis, mit Str\u00e4nden mit konstanten Wellen und einer entspannten Atmosph\u00e4re. Es ist ein Paradies f\u00fcr Surfer aller Niveaus, und die \u00f6rtlichen Schulen bieten die perfekte Gelegenheit, um zu lernen, wie man die Wellen des Atlantiks meistert.<\/p><\/div><\/div>\t\t\t\t<\/div>\n\t\t\t\t<\/div>\n\t\t\t\t\t<\/div>\n\t\t\t\t<\/div>\n\t\t\t\t\t\t\t\t<\/div>\n\t\t\t\t\t\t\t\t\t\t\t<div class=\"swiper-slide\" data-slide=\"3\" role=\"group\" aria-roledescription=\"slide\" aria-label=\"3 von 4\">\n\t\t\t\t\t\t\t<div class=\"elementor-element elementor-element-2733f80 e-flex e-con-boxed e-con e-child\" data-id=\"2733f80\" data-element_type=\"container\">\n\t\t\t\t\t<div class=\"e-con-inner\">\n\t\t\t\t<div class=\"elementor-element elementor-element-ca50de8 elementor-widget__width-initial elementor-position-top elementor-widget elementor-widget-image-box\" data-id=\"ca50de8\" data-element_type=\"widget\" data-widget_type=\"image-box.default\">\n\t\t\t\t<div class=\"elementor-widget-container\">\n\t\t\t\t\t<div class=\"elementor-image-box-wrapper\"><figure class=\"elementor-image-box-img\"><img decoding=\"async\" width=\"407\" height=\"500\" src=\"https:\/\/www.tryplisboacaparica.com\/wp-content\/uploads\/2023\/12\/AdobeStock_57090435.jpg\" class=\"attachment-full size-full wp-image-2034\" alt=\"AdobeStock_57090435\" srcset=\"https:\/\/www.tryplisboacaparica.com\/wp-content\/uploads\/2023\/12\/AdobeStock_57090435.jpg 407w, https:\/\/www.tryplisboacaparica.com\/wp-content\/uploads\/2023\/12\/AdobeStock_57090435-244x300.jpg 244w\" sizes=\"(max-width: 407px) 100vw, 407px\" \/><\/figure><div class=\"elementor-image-box-content\"><h3 class=\"elementor-image-box-title\">Gastronomie<\/h3><p class=\"elementor-image-box-description\">Die f\u00fcr ihre Gastfreundschaft bekannte Costa da Caparica ist ber\u00fchmt f\u00fcr Ihre Gastronomie, die sich durch Fisch und Meeresfr\u00fcchte und die dazu passenden frischen Weine auszeichnet. An der Strandpromenade bieten gem\u00fctliche Restaurants K\u00f6stlichkeiten wie Meeresfr\u00fcchte-Cataplana und gebratenen Tintenfisch an und sorgen f\u00fcr ein einzigartiges Erlebnis am Rande des Atlantiks.<\/p><\/div><\/div>\t\t\t\t<\/div>\n\t\t\t\t<\/div>\n\t\t\t\t\t<\/div>\n\t\t\t\t<\/div>\n\t\t\t\t\t\t\t\t<\/div>\n\t\t\t\t\t\t\t\t\t\t\t<div class=\"swiper-slide\" data-slide=\"4\" role=\"group\" aria-roledescription=\"slide\" aria-label=\"4 von 4\">\n\t\t\t\t\t\t\t<div class=\"elementor-element elementor-element-1061503 e-flex e-con-boxed e-con e-child\" data-id=\"1061503\" data-element_type=\"container\">\n\t\t\t\t\t<div class=\"e-con-inner\">\n\t\t\t\t<div class=\"elementor-element elementor-element-461a763 elementor-widget__width-initial elementor-position-top elementor-widget elementor-widget-image-box\" data-id=\"461a763\" data-element_type=\"widget\" data-widget_type=\"image-box.default\">\n\t\t\t\t<div class=\"elementor-widget-container\">\n\t\t\t\t\t<div class=\"elementor-image-box-wrapper\"><figure class=\"elementor-image-box-img\"><img loading=\"lazy\" decoding=\"async\" width=\"407\" height=\"500\" src=\"https:\/\/www.tryplisboacaparica.com\/wp-content\/uploads\/2023\/12\/AdobeStock_57799799-1.jpg\" class=\"attachment-full size-full wp-image-2024\" alt=\"AdobeStock_57799799 1\" srcset=\"https:\/\/www.tryplisboacaparica.com\/wp-content\/uploads\/2023\/12\/AdobeStock_57799799-1.jpg 407w, https:\/\/www.tryplisboacaparica.com\/wp-content\/uploads\/2023\/12\/AdobeStock_57799799-1-244x300.jpg 244w\" sizes=\"(max-width: 407px) 100vw, 407px\" \/><\/figure><div class=\"elementor-image-box-content\"><h3 class=\"elementor-image-box-title\">Golf<\/h3><p class=\"elementor-image-box-description\">In der  Costa da Caparica befinden sich international renommierte Golfpl\u00e4tze, auf denen Golfliebhaber gepflegte Pl\u00e4tze inmitten der K\u00fcstenlandschaft vorfinden, die eine entspannende, aber dennoch anspruchsvolle Umgebung f\u00fcr Spieler aller Spielst\u00e4rken anbieten.<\/p><\/div><\/div>\t\t\t\t<\/div>\n\t\t\t\t<\/div>\n\t\t\t\t\t<\/div>\n\t\t\t\t<\/div>\n\t\t\t\t\t\t\t\t<\/div>\n\t\t\t\t\t\t\t\t<\/div>\n\t\t<\/div>\n\t\t\t\t\t\t<\/div>\n\t\t\t\t<\/div>\n\t\t\t\t<\/div>\n\t\t\t\t<\/div>\n\t\t<div class=\"elementor-element elementor-element-ef147e1 e-con-full e-flex e-con e-parent\" data-id=\"ef147e1\" data-element_type=\"container\">\n\t\t\t\t<div class=\"elementor-element elementor-element-77cc4b2 elementor-widget elementor-widget-heading\" data-id=\"77cc4b2\" data-element_type=\"widget\" data-widget_type=\"heading.default\">\n\t\t\t\t<div class=\"elementor-widget-container\">\n\t\t\t\t\t<h5 class=\"elementor-heading-title elementor-size-default\">Per flugzeug, per autovermietung, taxi<\/h5>\t\t\t\t<\/div>\n\t\t\t\t<\/div>\n\t\t\t\t<\/div>\n\t\t<section class=\"elementor-element elementor-element-6ecac3e e-con-full e-flex e-con e-parent\" data-id=\"6ecac3e\" data-element_type=\"container\">\n\t\t\t\t<div class=\"elementor-element elementor-element-ba2ca3b elementor-widget__width-initial elementor-view-default elementor-position-top elementor-mobile-position-top elementor-widget elementor-widget-icon-box\" data-id=\"ba2ca3b\" data-element_type=\"widget\" data-widget_type=\"icon-box.default\">\n\t\t\t\t<div class=\"elementor-widget-container\">\n\t\t\t\t\t\t\t<div class=\"elementor-icon-box-wrapper\">\n\n\t\t\t\t\t\t<div class=\"elementor-icon-box-icon\">\n\t\t\t\t<span  class=\"elementor-icon\">\n\t\t\t\t<i aria-hidden=\"true\" class=\"fal fa-bus-alt\"><\/i>\t\t\t\t<\/span>\n\t\t\t<\/div>\n\t\t\t\n\t\t\t\t\t\t<div class=\"elementor-icon-box-content\">\n\n\t\t\t\t\t\t\t\t\t<h3 class=\"elementor-icon-box-title\">\n\t\t\t\t\t\t<span  >\n\t\t\t\t\t\t\tBus\t\t\t\t\t\t<\/span>\n\t\t\t\t\t<\/h3>\n\t\t\t\t\n\t\t\t\t\t\t\t\t\t<p class=\"elementor-icon-box-description\">\n\t\t\t\t\t\tLinienbusse:<br>\n3710 - Lissabon (Sete Rios) - Costa da Caparica - 35 min.<br>\n3709 - Lissabon (Marqu\u00eas de Pombal) - Costa da Caparica - 45 min\t\t\t\t\t<\/p>\n\t\t\t\t\n\t\t\t<\/div>\n\t\t\t\n\t\t<\/div>\n\t\t\t\t\t\t<\/div>\n\t\t\t\t<\/div>\n\t\t\t\t<div class=\"elementor-element elementor-element-262a63b elementor-widget__width-initial elementor-view-default elementor-position-top elementor-mobile-position-top elementor-widget elementor-widget-icon-box\" data-id=\"262a63b\" data-element_type=\"widget\" data-widget_type=\"icon-box.default\">\n\t\t\t\t<div class=\"elementor-widget-container\">\n\t\t\t\t\t\t\t<div class=\"elementor-icon-box-wrapper\">\n\n\t\t\t\t\t\t<div class=\"elementor-icon-box-icon\">\n\t\t\t\t<span  class=\"elementor-icon\">\n\t\t\t\t<i aria-hidden=\"true\" class=\"fal fa-cars\"><\/i>\t\t\t\t<\/span>\n\t\t\t<\/div>\n\t\t\t\n\t\t\t\t\t\t<div class=\"elementor-icon-box-content\">\n\n\t\t\t\t\t\t\t\t\t<h3 class=\"elementor-icon-box-title\">\n\t\t\t\t\t\t<span  >\n\t\t\t\t\t\t\tRent-a-car\t\t\t\t\t\t<\/span>\n\t\t\t\t\t<\/h3>\n\t\t\t\t\n\t\t\t\t\t\t\t\t\t<p class=\"elementor-icon-box-description\">\n\t\t\t\t\t\tIm Ankunftsbereich des Flughafens k\u00f6nnen Sie bei Autovermietungen Autos mieten. Eine andere M\u00f6glichkeit ist eine Vorabbuchung.\t\t\t\t\t<\/p>\n\t\t\t\t\n\t\t\t<\/div>\n\t\t\t\n\t\t<\/div>\n\t\t\t\t\t\t<\/div>\n\t\t\t\t<\/div>\n\t\t\t\t<div class=\"elementor-element elementor-element-a47de37 elementor-widget__width-initial elementor-view-default elementor-position-top elementor-mobile-position-top elementor-widget elementor-widget-icon-box\" data-id=\"a47de37\" data-element_type=\"widget\" data-widget_type=\"icon-box.default\">\n\t\t\t\t<div class=\"elementor-widget-container\">\n\t\t\t\t\t\t\t<div class=\"elementor-icon-box-wrapper\">\n\n\t\t\t\t\t\t<div class=\"elementor-icon-box-icon\">\n\t\t\t\t<span  class=\"elementor-icon\">\n\t\t\t\t<i aria-hidden=\"true\" class=\"fal fa-taxi\"><\/i>\t\t\t\t<\/span>\n\t\t\t<\/div>\n\t\t\t\n\t\t\t\t\t\t<div class=\"elementor-icon-box-content\">\n\n\t\t\t\t\t\t\t\t\t<h3 class=\"elementor-icon-box-title\">\n\t\t\t\t\t\t<span  >\n\t\t\t\t\t\t\tTaxi\t\t\t\t\t\t<\/span>\n\t\t\t\t\t<\/h3>\n\t\t\t\t\n\t\t\t\t\t\t\t\t\t<p class=\"elementor-icon-box-description\">\n\t\t\t\t\t\tDie Fahrt mit dem Taxi vom Flughafen aus kostet im Schnitt circa 45\u20ac. Der Preis bezieht sich auf die Fahrt und nicht auf die Zahl der bef\u00f6rderten Fahrg\u00e4ste. Gep\u00e4ckst\u00fccke, die gr\u00f6\u00dfer als 55x35x30 cm sind, m\u00fcssen entweder im Kofferraum oder auf dem Dachgep\u00e4cktr\u00e4ger transportiert werden. In diesem Fall k\u00f6nnen zus\u00e4tzliche Kosten entstehen. Der Transport von Rollst\u00fchlen, Babyschalen und Kinderwagen ist kostenlos. Ein Trinkgeld ist nicht Pflicht.\t\t\t\t\t<\/p>\n\t\t\t\t\n\t\t\t<\/div>\n\t\t\t\n\t\t<\/div>\n\t\t\t\t\t\t<\/div>\n\t\t\t\t<\/div>\n\t\t\t\t<div class=\"elementor-element elementor-element-4093eb6 elementor-widget__width-initial elementor-view-default elementor-position-top elementor-mobile-position-top elementor-widget elementor-widget-icon-box\" data-id=\"4093eb6\" data-element_type=\"widget\" data-widget_type=\"icon-box.default\">\n\t\t\t\t<div class=\"elementor-widget-container\">\n\t\t\t\t\t\t\t<div class=\"elementor-icon-box-wrapper\">\n\n\t\t\t\t\t\t<div class=\"elementor-icon-box-icon\">\n\t\t\t\t<span  class=\"elementor-icon\">\n\t\t\t\t<i aria-hidden=\"true\" class=\"fal fa-road\"><\/i>\t\t\t\t<\/span>\n\t\t\t<\/div>\n\t\t\t\n\t\t\t\t\t\t<div class=\"elementor-icon-box-content\">\n\n\t\t\t\t\t\t\t\t\t<h3 class=\"elementor-icon-box-title\">\n\t\t\t\t\t\t<span  >\n\t\t\t\t\t\t\tAuto\t\t\t\t\t\t<\/span>\n\t\t\t\t\t<\/h3>\n\t\t\t\t\n\t\t\t\t\t\t\t\t\t<p class=\"elementor-icon-box-description\">\n\t\t\t\t\t\tDer Flughafen Portela (Lissabon) ist circa 23 km vom Hotel entfernt und \u00fcber die IP7 und A38 in circa 26 Minuten zu erreichen. Fahren Sie von der Avenida Berlim aus auf die 2\u00aa Circular\/E1 (Ringstra\u00dfe). Folgen Sie der 2\u00aa Circular\/E1, IP7 und der A38 bis zur Avenida Afonso de Albuquerque\/Rua Vitimas da Guerra Colonial\/N377 in Costa da Caparica. Fahren Sie weiter auf der Avenida Afonso de Albuquerque\/R. V\u00edtimas da Guerra Colonial\/N377 bis zum Hotel Tryp Lisboa Caparica Mar.\t\t\t\t\t<\/p>\n\t\t\t\t\n\t\t\t<\/div>\n\t\t\t\n\t\t<\/div>\n\t\t\t\t\t\t<\/div>\n\t\t\t\t<\/div>\n\t\t\t\t<\/section>\n\t\t<div class=\"elementor-element elementor-element-e036ed8 e-con-full e-flex e-con e-parent\" data-id=\"e036ed8\" data-element_type=\"container\">\n\t\t\t\t<div class=\"elementor-element elementor-element-6595041 elementor-widget elementor-widget-heading\" data-id=\"6595041\" data-element_type=\"widget\" data-widget_type=\"heading.default\">\n\t\t\t\t<div class=\"elementor-widget-container\">\n\t\t\t\t\t<h5 class=\"elementor-heading-title elementor-size-default\">Per bahn, schiff<\/h5>\t\t\t\t<\/div>\n\t\t\t\t<\/div>\n\t\t\t\t<\/div>\n\t\t<section class=\"elementor-element elementor-element-37fa7d5 e-con-full e-flex e-con e-parent\" data-id=\"37fa7d5\" data-element_type=\"container\">\n\t\t\t\t<div class=\"elementor-element elementor-element-d1659ab elementor-widget__width-initial elementor-view-default elementor-position-top elementor-mobile-position-top elementor-widget elementor-widget-icon-box\" data-id=\"d1659ab\" data-element_type=\"widget\" data-widget_type=\"icon-box.default\">\n\t\t\t\t<div class=\"elementor-widget-container\">\n\t\t\t\t\t\t\t<div class=\"elementor-icon-box-wrapper\">\n\n\t\t\t\t\t\t<div class=\"elementor-icon-box-icon\">\n\t\t\t\t<span  class=\"elementor-icon\">\n\t\t\t\t<i aria-hidden=\"true\" class=\"fal fa-bus-alt\"><\/i>\t\t\t\t<\/span>\n\t\t\t<\/div>\n\t\t\t\n\t\t\t\t\t\t<div class=\"elementor-icon-box-content\">\n\n\t\t\t\t\t\t\t\t\t<h3 class=\"elementor-icon-box-title\">\n\t\t\t\t\t\t<span  >\n\t\t\t\t\t\t\tSt\u00e4dtische Verkehrmittel\t\t\t\t\t\t<\/span>\n\t\t\t\t\t<\/h3>\n\t\t\t\t\n\t\t\t\t\t\t\t\t\t<p class=\"elementor-icon-box-description\">\n\t\t\t\t\t\tInnerhalb der Stadt k\u00f6nnen Sie \u00f6ffentliche Verkehrsmittel, z. B. die Busse des Unternehmens Carris oder die Z\u00fcge der Metro de Lissabon benutzen.\t\t\t\t\t<\/p>\n\t\t\t\t\n\t\t\t<\/div>\n\t\t\t\n\t\t<\/div>\n\t\t\t\t\t\t<\/div>\n\t\t\t\t<\/div>\n\t\t\t\t<div class=\"elementor-element elementor-element-64e1e90 elementor-widget__width-initial elementor-view-default elementor-position-top elementor-mobile-position-top elementor-widget elementor-widget-icon-box\" data-id=\"64e1e90\" data-element_type=\"widget\" data-widget_type=\"icon-box.default\">\n\t\t\t\t<div class=\"elementor-widget-container\">\n\t\t\t\t\t\t\t<div class=\"elementor-icon-box-wrapper\">\n\n\t\t\t\t\t\t<div class=\"elementor-icon-box-icon\">\n\t\t\t\t<span  class=\"elementor-icon\">\n\t\t\t\t<i aria-hidden=\"true\" class=\"fal fa-road\"><\/i>\t\t\t\t<\/span>\n\t\t\t<\/div>\n\t\t\t\n\t\t\t\t\t\t<div class=\"elementor-icon-box-content\">\n\n\t\t\t\t\t\t\t\t\t<h3 class=\"elementor-icon-box-title\">\n\t\t\t\t\t\t<span  >\n\t\t\t\t\t\t\tAuto\t\t\t\t\t\t<\/span>\n\t\t\t\t\t<\/h3>\n\t\t\t\t\n\t\t\t\t\t\t\t\t\t<p class=\"elementor-icon-box-description\">\n\t\t\t\t\t\tSie erreichen die Costa da Caparica per Bahn, Bus und Auto.\nEs gibt eine Autobahn in Richtung Costa da Caparica (A2). Eine weitere wichtige Schnellstra\u00dfe (A38) verbindet Almada mit Costa da Caparica.\t\t\t\t\t<\/p>\n\t\t\t\t\n\t\t\t<\/div>\n\t\t\t\n\t\t<\/div>\n\t\t\t\t\t\t<\/div>\n\t\t\t\t<\/div>\n\t\t\t\t<div class=\"elementor-element elementor-element-20c5b52 elementor-widget__width-initial elementor-view-default elementor-position-top elementor-mobile-position-top elementor-widget elementor-widget-icon-box\" data-id=\"20c5b52\" data-element_type=\"widget\" data-widget_type=\"icon-box.default\">\n\t\t\t\t<div class=\"elementor-widget-container\">\n\t\t\t\t\t\t\t<div class=\"elementor-icon-box-wrapper\">\n\n\t\t\t\t\t\t<div class=\"elementor-icon-box-icon\">\n\t\t\t\t<span  class=\"elementor-icon\">\n\t\t\t\t<i aria-hidden=\"true\" class=\"fal fa-train\"><\/i>\t\t\t\t<\/span>\n\t\t\t<\/div>\n\t\t\t\n\t\t\t\t\t\t<div class=\"elementor-icon-box-content\">\n\n\t\t\t\t\t\t\t\t\t<h3 class=\"elementor-icon-box-title\">\n\t\t\t\t\t\t<span  >\n\t\t\t\t\t\t\tBahn\t\t\t\t\t\t<\/span>\n\t\t\t\t\t<\/h3>\n\t\t\t\t\n\t\t\t\t\t\t\t\t\t<p class=\"elementor-icon-box-description\">\n\t\t\t\t\t\tDer Bahnhof Pragal befindet sich in der Gemeinde Pragal, beim Krankenhaus Garcia da Orta, in der N\u00e4he des Einkaufsbereichs Almada F\u00f3rum, der Universidade Nova - FCT, dem Institut Piaget und dem Institut Egas Moniz. Der Bahnhof geh\u00f6rt zum Unternehmen Fertagus.<br>\nFertagus bis Pragal:<br>\nRoma-Areeiro - Pragal - 17 min.<br>\nSteigen Sie in Pragal in den Bus um:<br>\n3011 - Cacilhas - Costa da Caparica - 34 min.<br>\n3024 - Pragal (Est.) - Costa da Caparica - 22 min.\t\t\t\t\t<\/p>\n\t\t\t\t\n\t\t\t<\/div>\n\t\t\t\n\t\t<\/div>\n\t\t\t\t\t\t<\/div>\n\t\t\t\t<\/div>\n\t\t\t\t<div class=\"elementor-element elementor-element-6dc7245 elementor-widget__width-initial elementor-view-default elementor-position-top elementor-mobile-position-top elementor-widget elementor-widget-icon-box\" data-id=\"6dc7245\" data-element_type=\"widget\" data-widget_type=\"icon-box.default\">\n\t\t\t\t<div class=\"elementor-widget-container\">\n\t\t\t\t\t\t\t<div class=\"elementor-icon-box-wrapper\">\n\n\t\t\t\t\t\t<div class=\"elementor-icon-box-icon\">\n\t\t\t\t<span  class=\"elementor-icon\">\n\t\t\t\t<i aria-hidden=\"true\" class=\"fal fa-ship\"><\/i>\t\t\t\t<\/span>\n\t\t\t<\/div>\n\t\t\t\n\t\t\t\t\t\t<div class=\"elementor-icon-box-content\">\n\n\t\t\t\t\t\t\t\t\t<h3 class=\"elementor-icon-box-title\">\n\t\t\t\t\t\t<span  >\n\t\t\t\t\t\t\tSchiff\t\t\t\t\t\t<\/span>\n\t\t\t\t\t<\/h3>\n\t\t\t\t\n\t\t\t\t\t\t\t\t\t<p class=\"elementor-icon-box-description\">\n\t\t\t\t\t\tTranstejo - Bel\u00e9m - Porto Brand\u00e3o - Trafaria, steigen Sie dann in den Bus um:<br>\n3030 - Monte da Caparica - Fonte da Telha - 19 min.<br>\nTranstejo - Cais do Sodr\u00e9 - Cacilhas, steigen Sie dann in den Bus um:<br>\n3022 - Cacilhas (Terminal Station) - Costa de Caparica (Terminal Station) - 45 min.<br>\n3011 - Cacilhas - Costa da Caparica - 34 min\t\t\t\t\t<\/p>\n\t\t\t\t\n\t\t\t<\/div>\n\t\t\t\n\t\t<\/div>\n\t\t\t\t\t\t<\/div>\n\t\t\t\t<\/div>\n\t\t\t\t<\/section>\n\t\t<!-- dce invisible element 05f3a17 --><section class=\"elementor-element elementor-element-71af052 e-con-full e-flex e-con e-parent\" data-id=\"71af052\" data-element_type=\"container\">\n\t\t<div class=\"elementor-element elementor-element-d613357 e-con-full e-flex e-con e-child\" data-id=\"d613357\" data-element_type=\"container\">\n\t\t<div class=\"elementor-element elementor-element-97f47e6 e-con-full e-flex e-con e-child\" data-id=\"97f47e6\" data-element_type=\"container\">\n\t\t<div class=\"elementor-element elementor-element-2a90fad e-con-full e-flex e-con e-child\" data-id=\"2a90fad\" data-element_type=\"container\" id=\"cardstitles\">\n\t\t\t\t<div class=\"elementor-element elementor-element-a5afca3 elementor-widget elementor-widget-heading\" data-id=\"a5afca3\" data-element_type=\"widget\" data-widget_type=\"heading.default\">\n\t\t\t\t<div class=\"elementor-widget-container\">\n\t\t\t\t\t<h2 class=\"elementor-heading-title elementor-size-default\">EVENTS IN<\/h2>\t\t\t\t<\/div>\n\t\t\t\t<\/div>\n\t\t\t\t<div class=\"elementor-element elementor-element-217b1b5 elementor-widget elementor-widget-heading\" data-id=\"217b1b5\" data-element_type=\"widget\" data-widget_type=\"heading.default\">\n\t\t\t\t<div class=\"elementor-widget-container\">\n\t\t\t\t\t<h2 class=\"elementor-heading-title elementor-size-default\">DER CAPARICA<\/h2>\t\t\t\t<\/div>\n\t\t\t\t<\/div>\n\t\t\t\t<\/div>\n\t\t\t\t<\/div>\n\t\t<div class=\"elementor-element elementor-element-7da17e2 e-con-full e-flex e-con e-child\" data-id=\"7da17e2\" data-element_type=\"container\">\n\t\t\t\t<div class=\"elementor-element elementor-element-3ad7540 elementor-widget elementor-widget-n-carousel\" data-id=\"3ad7540\" data-element_type=\"widget\" data-settings=\"{&quot;carousel_items&quot;:[{&quot;slide_title&quot;:&quot;Slide #1&quot;,&quot;_id&quot;:&quot;bc1ad8d&quot;},{&quot;slide_title&quot;:&quot;Slide #2&quot;,&quot;_id&quot;:&quot;817f723&quot;}],&quot;slides_to_show&quot;:&quot;3&quot;,&quot;image_spacing_custom&quot;:{&quot;unit&quot;:&quot;px&quot;,&quot;size&quot;:&quot;30&quot;,&quot;sizes&quot;:[]},&quot;slides_to_show_mobile_extra&quot;:&quot;1&quot;,&quot;slides_to_scroll_mobile_extra&quot;:&quot;1&quot;,&quot;slides_to_show_tablet&quot;:&quot;2&quot;,&quot;slides_to_show_mobile&quot;:&quot;1&quot;,&quot;autoplay&quot;:&quot;yes&quot;,&quot;autoplay_speed&quot;:5000,&quot;pause_on_hover&quot;:&quot;yes&quot;,&quot;pause_on_interaction&quot;:&quot;yes&quot;,&quot;speed&quot;:500,&quot;image_spacing_custom_tablet_extra&quot;:{&quot;unit&quot;:&quot;px&quot;,&quot;size&quot;:&quot;&quot;,&quot;sizes&quot;:[]},&quot;image_spacing_custom_tablet&quot;:{&quot;unit&quot;:&quot;px&quot;,&quot;size&quot;:&quot;&quot;,&quot;sizes&quot;:[]},&quot;image_spacing_custom_mobile_extra&quot;:{&quot;unit&quot;:&quot;px&quot;,&quot;size&quot;:&quot;&quot;,&quot;sizes&quot;:[]},&quot;image_spacing_custom_mobile&quot;:{&quot;unit&quot;:&quot;px&quot;,&quot;size&quot;:&quot;&quot;,&quot;sizes&quot;:[]}}\" data-widget_type=\"nested-carousel.default\">\n\t\t\t\t<div class=\"elementor-widget-container\">\n\t\t\t\t\t\t\t<div class=\"e-n-carousel swiper\" role=\"region\" aria-roledescription=\"carousel\" aria-label=\"Karussell\" dir=\"ltr\">\n\t\t\t<div class=\"swiper-wrapper\" aria-live=\"off\">\n\t\t\t\t\t\t\t\t\t\t<div class=\"swiper-slide\" data-slide=\"1\" role=\"group\" aria-roledescription=\"slide\" aria-label=\"1 von 2\">\n\t\t\t\t\t\t\t<div class=\"elementor-element elementor-element-40632e3 e-flex e-con-boxed e-con e-child\" data-id=\"40632e3\" data-element_type=\"container\">\n\t\t\t\t\t<div class=\"e-con-inner\">\n\t\t<div class=\"elementor-element elementor-element-f5bd011 e-con-full e-flex e-con e-child\" data-id=\"f5bd011\" data-element_type=\"container\">\n\t\t\t\t<div class=\"elementor-element elementor-element-05e60f6 elementor-widget__width-initial elementor-position-top elementor-widget elementor-widget-image-box\" data-id=\"05e60f6\" data-element_type=\"widget\" data-widget_type=\"image-box.default\">\n\t\t\t\t<div class=\"elementor-widget-container\">\n\t\t\t\t\t<div class=\"elementor-image-box-wrapper\"><figure class=\"elementor-image-box-img\"><a href=\"https:\/\/www.worldsurfleague.com\/events\/2024\/qs\/257\/caparica-surf-fest-2024\/main\" target=\"_blank\" tabindex=\"-1\"><img fetchpriority=\"high\" decoding=\"async\" width=\"407\" height=\"500\" src=\"https:\/\/www.tryplisboacaparica.com\/wp-content\/uploads\/2023\/12\/Praias-1.jpg\" class=\"attachment-full size-full wp-image-2019\" alt=\"Praias 1\" srcset=\"https:\/\/www.tryplisboacaparica.com\/wp-content\/uploads\/2023\/12\/Praias-1.jpg 407w, https:\/\/www.tryplisboacaparica.com\/wp-content\/uploads\/2023\/12\/Praias-1-244x300.jpg 244w\" sizes=\"(max-width: 407px) 100vw, 407px\" \/><\/a><\/figure><div class=\"elementor-image-box-content\"><h3 class=\"elementor-image-box-title\"><a href=\"https:\/\/www.worldsurfleague.com\/events\/2024\/qs\/257\/caparica-surf-fest-2024\/main\" target=\"_blank\">Caparica Primavera Surf Fest<\/a><\/h3><p class=\"elementor-image-box-description\">Das Surffestival Caparica \u2013 Primavera Surf Fest findet am Praia do Para\u00edso statt. W\u00e4hrend der Veranstaltung finden verschiedene nationale und internationale Wettk\u00e4mpfe in den Disziplinen Surfen, Bodyboard und SUP statt.<\/p><\/div><\/div>\t\t\t\t<\/div>\n\t\t\t\t<\/div>\n\t\t\t\t<\/div>\n\t\t\t\t\t<\/div>\n\t\t\t\t<\/div>\n\t\t\t\t\t\t\t\t<\/div>\n\t\t\t\t\t\t\t\t\t\t\t<div class=\"swiper-slide\" data-slide=\"2\" role=\"group\" aria-roledescription=\"slide\" aria-label=\"2 von 2\">\n\t\t\t\t\t\t\t<div class=\"elementor-element elementor-element-036c9fe e-flex e-con-boxed e-con e-child\" data-id=\"036c9fe\" data-element_type=\"container\">\n\t\t\t\t\t<div class=\"e-con-inner\">\n\t\t\t\t<div class=\"elementor-element elementor-element-fe52e3f elementor-widget__width-initial elementor-position-top elementor-widget elementor-widget-image-box\" data-id=\"fe52e3f\" data-element_type=\"widget\" data-widget_type=\"image-box.default\">\n\t\t\t\t<div class=\"elementor-widget-container\">\n\t\t\t\t\t<div class=\"elementor-image-box-wrapper\"><figure class=\"elementor-image-box-img\"><a href=\"https:\/\/festivalosoldacaparica.pt\/\" target=\"_blank\" tabindex=\"-1\"><img loading=\"lazy\" decoding=\"async\" width=\"798\" height=\"900\" src=\"https:\/\/www.tryplisboacaparica.com\/wp-content\/uploads\/2024\/01\/Tryp_LisboaCaparica_Eventos_Sociais_Aniversarios.jpg\" class=\"attachment-full size-full wp-image-4438\" alt=\"Tryp_LisboaCaparica_Eventos_Sociais_Aniversarios\" srcset=\"https:\/\/www.tryplisboacaparica.com\/wp-content\/uploads\/2024\/01\/Tryp_LisboaCaparica_Eventos_Sociais_Aniversarios.jpg 798w, https:\/\/www.tryplisboacaparica.com\/wp-content\/uploads\/2024\/01\/Tryp_LisboaCaparica_Eventos_Sociais_Aniversarios-266x300.jpg 266w, https:\/\/www.tryplisboacaparica.com\/wp-content\/uploads\/2024\/01\/Tryp_LisboaCaparica_Eventos_Sociais_Aniversarios-768x866.jpg 768w\" sizes=\"(max-width: 798px) 100vw, 798px\" \/><\/a><\/figure><div class=\"elementor-image-box-content\"><h3 class=\"elementor-image-box-title\"><a href=\"https:\/\/festivalosoldacaparica.pt\/\" target=\"_blank\">O Sol da Caparica<\/a><\/h3><p class=\"elementor-image-box-description\">Das Musikfestival findet jedes Jahr im August im Parque Urbano statt. Auf der Veranstaltung pr\u00e4sentieren die K\u00fcnstler Ihre neusten Werke voller Kreativit\u00e4t und Innovationskraft.<\/p><\/div><\/div>\t\t\t\t<\/div>\n\t\t\t\t<\/div>\n\t\t\t\t\t<\/div>\n\t\t\t\t<\/div>\n\t\t\t\t\t\t\t\t<\/div>\n\t\t\t\t\t\t\t\t<\/div>\n\t\t<\/div>\n\t\t\t\t\t\t<\/div>\n\t\t\t\t<\/div>\n\t\t\t\t<\/div>\n\t\t\t\t<\/div>\n\t\t\t\t<\/section>\n\t\t\t\t<\/div>\n\t\t","protected":false},"excerpt":{"rendered":"<p>lissabon &amp; caparica Die zwischen dem Meer und H\u00fcgeln gelegene Gemeinde Costa de Caparica erstreckt sich auf einer Fl\u00e4che von 10,74 km2, die fr\u00fcher gr\u00f6\u00dftenteils vom Ozean bedeckt war. Hier befindet sich der gr\u00f6\u00dfte durchgehende Strand des Landes, der sich auf einer L\u00e4nge von ungef\u00e4hr 30 km erstreckt. Das Schutzgebiet der Arriba F\u00f3ssil da Costa [&hellip;]<\/p>\n","protected":false},"author":1,"featured_media":0,"parent":0,"menu_order":0,"comment_status":"closed","ping_status":"closed","template":"","meta":{"_acf_changed":false,"footnotes":""},"class_list":["post-8317","page","type-page","status-publish","hentry"],"acf":[],"yoast_head":"<!-- This site is optimized with the Yoast SEO plugin v24.5 - https:\/\/yoast.com\/wordpress\/plugins\/seo\/ -->\n<title>Lissabon &amp; Caparica - TRYP Costa da Caparica<\/title>\n<meta name=\"description\" content=\"Hotel TRYP Lisboa Caparica Mar: direkt am Meer, entspanntes Ambiente, am l\u00e4ngsten und ber\u00fchmtesten Strand der Region Lissabon.\" \/>\n<meta name=\"robots\" content=\"index, follow, max-snippet:-1, max-image-preview:large, max-video-preview:-1\" \/>\n<link rel=\"canonical\" href=\"https:\/\/www.tryplisboacaparica.com\/de\/lissabon-caparica\/\" \/>\n<meta property=\"og:locale\" content=\"de_DE\" \/>\n<meta property=\"og:type\" content=\"article\" \/>\n<meta property=\"og:title\" content=\"Lissabon &amp; Caparica - TRYP Costa da Caparica\" \/>\n<meta property=\"og:description\" content=\"Hotel TRYP Lisboa Caparica Mar: direkt am Meer, entspanntes Ambiente, am l\u00e4ngsten und ber\u00fchmtesten Strand der Region Lissabon.\" \/>\n<meta property=\"og:url\" content=\"https:\/\/www.tryplisboacaparica.com\/de\/lissabon-caparica\/\" \/>\n<meta property=\"og:site_name\" content=\"TRYP Costa da Caparica\" \/>\n<meta property=\"article:publisher\" content=\"https:\/\/www.facebook.com\/tryplisboacaparicamar\/\" \/>\n<meta property=\"article:modified_time\" content=\"2025-01-07T15:35:15+00:00\" \/>\n<meta property=\"og:image\" content=\"https:\/\/tryplisboacaparica.com\/wp-content\/uploads\/2023\/12\/Praias-1.jpg\" \/>\n<meta name=\"twitter:card\" content=\"summary_large_image\" \/>\n<meta name=\"twitter:label1\" content=\"Gesch\u00e4tzte Lesezeit\" \/>\n\t<meta name=\"twitter:data1\" content=\"10\u00a0Minuten\" \/>\n<script type=\"application\/ld+json\" class=\"yoast-schema-graph\">{\"@context\":\"https:\/\/schema.org\",\"@graph\":[{\"@type\":\"WebPage\",\"@id\":\"https:\/\/www.tryplisboacaparica.com\/de\/lissabon-caparica\/\",\"url\":\"https:\/\/www.tryplisboacaparica.com\/de\/lissabon-caparica\/\",\"name\":\"Lissabon &amp; Caparica - TRYP Costa da Caparica\",\"isPartOf\":{\"@id\":\"https:\/\/www.tryplisboacaparica.com\/de\/#website\"},\"primaryImageOfPage\":{\"@id\":\"https:\/\/www.tryplisboacaparica.com\/de\/lissabon-caparica\/#primaryimage\"},\"image\":{\"@id\":\"https:\/\/www.tryplisboacaparica.com\/de\/lissabon-caparica\/#primaryimage\"},\"thumbnailUrl\":\"https:\/\/tryplisboacaparica.com\/wp-content\/uploads\/2023\/12\/Praias-1.jpg\",\"datePublished\":\"2023-12-19T12:17:38+00:00\",\"dateModified\":\"2025-01-07T15:35:15+00:00\",\"description\":\"Hotel TRYP Lisboa Caparica Mar: direkt am Meer, entspanntes Ambiente, am l\u00e4ngsten und ber\u00fchmtesten Strand der Region Lissabon.\",\"breadcrumb\":{\"@id\":\"https:\/\/www.tryplisboacaparica.com\/de\/lissabon-caparica\/#breadcrumb\"},\"inLanguage\":\"de\",\"potentialAction\":[{\"@type\":\"ReadAction\",\"target\":[\"https:\/\/www.tryplisboacaparica.com\/de\/lissabon-caparica\/\"]}]},{\"@type\":\"ImageObject\",\"inLanguage\":\"de\",\"@id\":\"https:\/\/www.tryplisboacaparica.com\/de\/lissabon-caparica\/#primaryimage\",\"url\":\"https:\/\/tryplisboacaparica.com\/wp-content\/uploads\/2023\/12\/Praias-1.jpg\",\"contentUrl\":\"https:\/\/tryplisboacaparica.com\/wp-content\/uploads\/2023\/12\/Praias-1.jpg\"},{\"@type\":\"BreadcrumbList\",\"@id\":\"https:\/\/www.tryplisboacaparica.com\/de\/lissabon-caparica\/#breadcrumb\",\"itemListElement\":[{\"@type\":\"ListItem\",\"position\":1,\"name\":\"In\u00edcio\",\"item\":\"https:\/\/www.tryplisboacaparica.com\/de\/\"},{\"@type\":\"ListItem\",\"position\":2,\"name\":\"Lissabon &amp; Caparica\"}]},{\"@type\":\"WebSite\",\"@id\":\"https:\/\/www.tryplisboacaparica.com\/de\/#website\",\"url\":\"https:\/\/www.tryplisboacaparica.com\/de\/\",\"name\":\"TRYP Costa da Caparica\",\"description\":\"O TRYP Lisboa Caparica Mar \u00e9 um hotel de ambiente relaxante e descontra\u00eddo, situado \u00e0 beira-mar, sobre a mais extensa e famosa praia da Regi\u00e3o de Lisboa, a Costa da Caparica.\",\"publisher\":{\"@id\":\"https:\/\/www.tryplisboacaparica.com\/de\/#organization\"},\"alternateName\":\"Lisboa Caparica Mar\",\"potentialAction\":[{\"@type\":\"SearchAction\",\"target\":{\"@type\":\"EntryPoint\",\"urlTemplate\":\"https:\/\/www.tryplisboacaparica.com\/de\/?s={search_term_string}\"},\"query-input\":{\"@type\":\"PropertyValueSpecification\",\"valueRequired\":true,\"valueName\":\"search_term_string\"}}],\"inLanguage\":\"de\"},{\"@type\":\"Organization\",\"@id\":\"https:\/\/www.tryplisboacaparica.com\/de\/#organization\",\"name\":\"TRYP Costa da Caparica\",\"alternateName\":\"TRYP Lisboa Caparica Mar\",\"url\":\"https:\/\/www.tryplisboacaparica.com\/de\/\",\"logo\":{\"@type\":\"ImageObject\",\"inLanguage\":\"de\",\"@id\":\"https:\/\/www.tryplisboacaparica.com\/de\/#\/schema\/logo\/image\/\",\"url\":\"https:\/\/www.tryplisboacaparica.com\/wp-content\/uploads\/2025\/12\/TrypLisboaCaparicaMar_Logo.png\",\"contentUrl\":\"https:\/\/www.tryplisboacaparica.com\/wp-content\/uploads\/2025\/12\/TrypLisboaCaparicaMar_Logo.png\",\"width\":199,\"height\":90,\"caption\":\"TRYP Costa da Caparica\"},\"image\":{\"@id\":\"https:\/\/www.tryplisboacaparica.com\/de\/#\/schema\/logo\/image\/\"},\"sameAs\":[\"https:\/\/www.facebook.com\/tryplisboacaparicamar\/\",\"https:\/\/www.linkedin.com\/company\/hoti-hoteis\/\",\"https:\/\/www.tripadvisor.pt\/Hotel_Review-g656856-d280552-Reviews-TRYP_by_Wyndham_Lisboa_Caparica_Mar-Costa_da_Caparica_Setubal_District_Alentejo.html\"]}]}<\/script>\n<!-- \/ Yoast SEO plugin. -->","yoast_head_json":{"title":"Lissabon &amp; Caparica - TRYP Costa da Caparica","description":"Hotel TRYP Lisboa Caparica Mar: direkt am Meer, entspanntes Ambiente, am l\u00e4ngsten und ber\u00fchmtesten Strand der Region Lissabon.","robots":{"index":"index","follow":"follow","max-snippet":"max-snippet:-1","max-image-preview":"max-image-preview:large","max-video-preview":"max-video-preview:-1"},"canonical":"https:\/\/www.tryplisboacaparica.com\/de\/lissabon-caparica\/","og_locale":"de_DE","og_type":"article","og_title":"Lissabon &amp; Caparica - TRYP Costa da Caparica","og_description":"Hotel TRYP Lisboa Caparica Mar: direkt am Meer, entspanntes Ambiente, am l\u00e4ngsten und ber\u00fchmtesten Strand der Region Lissabon.","og_url":"https:\/\/www.tryplisboacaparica.com\/de\/lissabon-caparica\/","og_site_name":"TRYP Costa da Caparica","article_publisher":"https:\/\/www.facebook.com\/tryplisboacaparicamar\/","article_modified_time":"2025-01-07T15:35:15+00:00","og_image":[{"url":"https:\/\/tryplisboacaparica.com\/wp-content\/uploads\/2023\/12\/Praias-1.jpg","type":"","width":"","height":""}],"twitter_card":"summary_large_image","twitter_misc":{"Gesch\u00e4tzte Lesezeit":"10\u00a0Minuten"},"schema":{"@context":"https:\/\/schema.org","@graph":[{"@type":"WebPage","@id":"https:\/\/www.tryplisboacaparica.com\/de\/lissabon-caparica\/","url":"https:\/\/www.tryplisboacaparica.com\/de\/lissabon-caparica\/","name":"Lissabon &amp; Caparica - TRYP Costa da Caparica","isPartOf":{"@id":"https:\/\/www.tryplisboacaparica.com\/de\/#website"},"primaryImageOfPage":{"@id":"https:\/\/www.tryplisboacaparica.com\/de\/lissabon-caparica\/#primaryimage"},"image":{"@id":"https:\/\/www.tryplisboacaparica.com\/de\/lissabon-caparica\/#primaryimage"},"thumbnailUrl":"https:\/\/tryplisboacaparica.com\/wp-content\/uploads\/2023\/12\/Praias-1.jpg","datePublished":"2023-12-19T12:17:38+00:00","dateModified":"2025-01-07T15:35:15+00:00","description":"Hotel TRYP Lisboa Caparica Mar: direkt am Meer, entspanntes Ambiente, am l\u00e4ngsten und ber\u00fchmtesten Strand der Region Lissabon.","breadcrumb":{"@id":"https:\/\/www.tryplisboacaparica.com\/de\/lissabon-caparica\/#breadcrumb"},"inLanguage":"de","potentialAction":[{"@type":"ReadAction","target":["https:\/\/www.tryplisboacaparica.com\/de\/lissabon-caparica\/"]}]},{"@type":"ImageObject","inLanguage":"de","@id":"https:\/\/www.tryplisboacaparica.com\/de\/lissabon-caparica\/#primaryimage","url":"https:\/\/tryplisboacaparica.com\/wp-content\/uploads\/2023\/12\/Praias-1.jpg","contentUrl":"https:\/\/tryplisboacaparica.com\/wp-content\/uploads\/2023\/12\/Praias-1.jpg"},{"@type":"BreadcrumbList","@id":"https:\/\/www.tryplisboacaparica.com\/de\/lissabon-caparica\/#breadcrumb","itemListElement":[{"@type":"ListItem","position":1,"name":"In\u00edcio","item":"https:\/\/www.tryplisboacaparica.com\/de\/"},{"@type":"ListItem","position":2,"name":"Lissabon &amp; Caparica"}]},{"@type":"WebSite","@id":"https:\/\/www.tryplisboacaparica.com\/de\/#website","url":"https:\/\/www.tryplisboacaparica.com\/de\/","name":"TRYP Costa da Caparica","description":"O TRYP Lisboa Caparica Mar \u00e9 um hotel de ambiente relaxante e descontra\u00eddo, situado \u00e0 beira-mar, sobre a mais extensa e famosa praia da Regi\u00e3o de Lisboa, a Costa da Caparica.","publisher":{"@id":"https:\/\/www.tryplisboacaparica.com\/de\/#organization"},"alternateName":"Lisboa Caparica Mar","potentialAction":[{"@type":"SearchAction","target":{"@type":"EntryPoint","urlTemplate":"https:\/\/www.tryplisboacaparica.com\/de\/?s={search_term_string}"},"query-input":{"@type":"PropertyValueSpecification","valueRequired":true,"valueName":"search_term_string"}}],"inLanguage":"de"},{"@type":"Organization","@id":"https:\/\/www.tryplisboacaparica.com\/de\/#organization","name":"TRYP Costa da Caparica","alternateName":"TRYP Lisboa Caparica Mar","url":"https:\/\/www.tryplisboacaparica.com\/de\/","logo":{"@type":"ImageObject","inLanguage":"de","@id":"https:\/\/www.tryplisboacaparica.com\/de\/#\/schema\/logo\/image\/","url":"https:\/\/www.tryplisboacaparica.com\/wp-content\/uploads\/2025\/12\/TrypLisboaCaparicaMar_Logo.png","contentUrl":"https:\/\/www.tryplisboacaparica.com\/wp-content\/uploads\/2025\/12\/TrypLisboaCaparicaMar_Logo.png","width":199,"height":90,"caption":"TRYP Costa da Caparica"},"image":{"@id":"https:\/\/www.tryplisboacaparica.com\/de\/#\/schema\/logo\/image\/"},"sameAs":["https:\/\/www.facebook.com\/tryplisboacaparicamar\/","https:\/\/www.linkedin.com\/company\/hoti-hoteis\/","https:\/\/www.tripadvisor.pt\/Hotel_Review-g656856-d280552-Reviews-TRYP_by_Wyndham_Lisboa_Caparica_Mar-Costa_da_Caparica_Setubal_District_Alentejo.html"]}]}},"_links":{"self":[{"href":"https:\/\/www.tryplisboacaparica.com\/de\/wp-json\/wp\/v2\/pages\/8317","targetHints":{"allow":["GET"]}}],"collection":[{"href":"https:\/\/www.tryplisboacaparica.com\/de\/wp-json\/wp\/v2\/pages"}],"about":[{"href":"https:\/\/www.tryplisboacaparica.com\/de\/wp-json\/wp\/v2\/types\/page"}],"author":[{"embeddable":true,"href":"https:\/\/www.tryplisboacaparica.com\/de\/wp-json\/wp\/v2\/users\/1"}],"replies":[{"embeddable":true,"href":"https:\/\/www.tryplisboacaparica.com\/de\/wp-json\/wp\/v2\/comments?post=8317"}],"version-history":[{"count":10,"href":"https:\/\/www.tryplisboacaparica.com\/de\/wp-json\/wp\/v2\/pages\/8317\/revisions"}],"predecessor-version":[{"id":15905,"href":"https:\/\/www.tryplisboacaparica.com\/de\/wp-json\/wp\/v2\/pages\/8317\/revisions\/15905"}],"wp:attachment":[{"href":"https:\/\/www.tryplisboacaparica.com\/de\/wp-json\/wp\/v2\/media?parent=8317"}],"curies":[{"name":"wp","href":"https:\/\/api.w.org\/{rel}","templated":true}]}}