{"id":7031,"date":"2023-12-19T12:17:38","date_gmt":"2023-12-19T12:17:38","guid":{"rendered":"https:\/\/www.tryplisboacaparica.com\/lisboa-caparica\/"},"modified":"2025-01-07T15:35:20","modified_gmt":"2025-01-07T15:35:20","slug":"lisboa-caparica","status":"publish","type":"page","link":"https:\/\/www.tryplisboacaparica.com\/es\/lisboa-caparica\/","title":{"rendered":"Lisboa y Caparica"},"content":{"rendered":"\t\t<div data-elementor-type=\"wp-page\" data-elementor-id=\"7031\" class=\"elementor elementor-7031 elementor-1997\" data-elementor-post-type=\"page\">\n\t\t\t\t<section class=\"elementor-element elementor-element-9d18320 e-con-full e-flex e-con e-parent\" data-id=\"9d18320\" data-element_type=\"container\" data-settings=\"{&quot;background_background&quot;:&quot;classic&quot;}\">\n\t\t<div class=\"elementor-element elementor-element-edc3c07 e-con-full e-flex e-con e-child\" data-id=\"edc3c07\" data-element_type=\"container\">\n\t\t\t\t<div class=\"elementor-element elementor-element-0517a6e elementor-widget elementor-widget-heading\" data-id=\"0517a6e\" data-element_type=\"widget\" data-widget_type=\"heading.default\">\n\t\t\t\t<div class=\"elementor-widget-container\">\n\t\t\t\t\t<h1 class=\"elementor-heading-title elementor-size-default\">lisboa y<\/h1>\t\t\t\t<\/div>\n\t\t\t\t<\/div>\n\t\t\t\t<div class=\"elementor-element elementor-element-14f695f elementor-widget elementor-widget-heading\" data-id=\"14f695f\" data-element_type=\"widget\" data-widget_type=\"heading.default\">\n\t\t\t\t<div class=\"elementor-widget-container\">\n\t\t\t\t\t<h2 class=\"elementor-heading-title elementor-size-default\">caparica<\/h2>\t\t\t\t<\/div>\n\t\t\t\t<\/div>\n\t\t\t\t<\/div>\n\t\t\t\t<\/section>\n\t\t<section class=\"elementor-element elementor-element-8e7a29a e-con-full e-flex e-con e-parent\" data-id=\"8e7a29a\" data-element_type=\"container\">\n\t\t\t\t<div class=\"elementor-element elementor-element-5428f0b elementor-widget elementor-widget-text-editor\" data-id=\"5428f0b\" data-element_type=\"widget\" data-widget_type=\"text-editor.default\">\n\t\t\t\t<div class=\"elementor-widget-container\">\n\t\t\t\t\t\t\t\t\t<div class=\"ewa-rteLine\">Situada en el litoral y en gran parte resultado de un retroceso oce\u00e1nico, la parroquia de Costa de Caparica ocupa una superficie de 10,74 kil\u00f3metros cuadrados, entre el mar y la escarpa. Es la playa continua m\u00e1s larga del pa\u00eds, con unos 30 kil\u00f3metros de extensi\u00f3n. El paisaje protegido del Acantilado F\u00f3sil de la Costa de Caparica presenta aspectos geol\u00f3gicos y geomorfol\u00f3gicos de gran inter\u00e9s, no s\u00f3lo desde el punto de vista cient\u00edfico, sino tambi\u00e9n paisaj\u00edstico. Las bellas formas de erosi\u00f3n que presenta, sus tonos ocres y sus abundantes barrancos coronados de vegetaci\u00f3n, proporcionan un tel\u00f3n de fondo ins\u00f3lito a toda la l\u00ednea de playas.<\/div><div class=\"ewa-rteLine\">Lisboa es una ciudad iluminada. El Tajo y el sol, casi siempre presente, hacen de la capital portuguesa un espejo de color, donde la belleza y singularidad de la arquitectura no pasan desapercibidas. Siempre hay mucho que ver y hacer en Lisboa, lo que abre un mundo de posibilidades para las m\u00e1s variadas experiencias a cada visitante.<\/div>\t\t\t\t\t\t\t\t<\/div>\n\t\t\t\t<\/div>\n\t\t\t\t<\/section>\n\t\t<div class=\"elementor-element elementor-element-484e8bf e-con-full e-flex e-con e-parent\" data-id=\"484e8bf\" data-element_type=\"container\">\n\t\t\t\t<div class=\"elementor-element elementor-element-5b88a1e elementor-widget elementor-widget-heading\" data-id=\"5b88a1e\" data-element_type=\"widget\" data-widget_type=\"heading.default\">\n\t\t\t\t<div class=\"elementor-widget-container\">\n\t\t\t\t\t<h5 class=\"elementor-heading-title elementor-size-default\">Galer\u00eda de im\u00e1genes<\/h5>\t\t\t\t<\/div>\n\t\t\t\t<\/div>\n\t\t\t\t<div class=\"elementor-element elementor-element-33fcce4 elementor-skin-carousel elementor-arrows-yes elementor-pagination-type-bullets elementor-pagination-position-outside elementor-widget elementor-widget-hoti-gallery-slider\" data-id=\"33fcce4\" data-element_type=\"widget\" data-settings=\"{&quot;slides_per_view&quot;:&quot;3&quot;,&quot;skin&quot;:&quot;carousel&quot;,&quot;effect&quot;:&quot;slide&quot;,&quot;show_arrows&quot;:&quot;yes&quot;,&quot;pagination&quot;:&quot;bullets&quot;,&quot;speed&quot;:500,&quot;autoplay&quot;:&quot;yes&quot;,&quot;autoplay_speed&quot;:5000,&quot;pause_on_hover&quot;:&quot;yes&quot;,&quot;pause_on_interaction&quot;:&quot;yes&quot;,&quot;space_between&quot;:{&quot;unit&quot;:&quot;px&quot;,&quot;size&quot;:10,&quot;sizes&quot;:[]},&quot;space_between_tablet_extra&quot;:{&quot;unit&quot;:&quot;px&quot;,&quot;size&quot;:10,&quot;sizes&quot;:[]},&quot;space_between_tablet&quot;:{&quot;unit&quot;:&quot;px&quot;,&quot;size&quot;:10,&quot;sizes&quot;:[]},&quot;space_between_mobile_extra&quot;:{&quot;unit&quot;:&quot;px&quot;,&quot;size&quot;:10,&quot;sizes&quot;:[]},&quot;space_between_mobile&quot;:{&quot;unit&quot;:&quot;px&quot;,&quot;size&quot;:10,&quot;sizes&quot;:[]}}\" data-widget_type=\"hoti-gallery-slider.default\">\n\t\t\t\t<div class=\"elementor-widget-container\">\n\t\t\t\t\t\t\t\t\t<div class=\"elementor-swiper\">\n\t\t\t\t\t<div class=\"elementor-main-swiper swiper\" role=\"region\" aria-roledescription=\"carousel\" aria-label=\"Diapositivas\">\n\t\t\t\t<div class=\"swiper-wrapper\">\n\t\t\t\t\t\t\t\t\t\t\t<div class=\"swiper-slide\" role=\"group\" aria-roledescription=\"slide\">\n\t\t\t\t\t\t\t\t\t<div class=\"elementor-carousel-image portrait\" role=\"img\" aria-label=\"img_home_slider1\" style=\"background-image: url(&#039;https:\/\/www.tryplisboacaparica.com\/wp-content\/uploads\/2023\/11\/img_home_slider1.jpg&#039;)\">\r\n\r\n\t\t\t\r\n\t\t\t\t\t<\/div>\r\n\t\t\t\t\t\t\t\t<\/div>\n\t\t\t\t\t\t\t\t\t\t\t<div class=\"swiper-slide\" role=\"group\" aria-roledescription=\"slide\">\n\t\t\t\t\t\t\t\t\t<div class=\"elementor-carousel-image landscape\" role=\"img\" aria-label=\"img_home_slider2\" style=\"background-image: url(&#039;https:\/\/www.tryplisboacaparica.com\/wp-content\/uploads\/2023\/11\/img_home_slider2.jpg&#039;)\">\r\n\r\n\t\t\t\r\n\t\t\t\t\t<\/div>\r\n\t\t\t\t\t\t\t\t<\/div>\n\t\t\t\t\t\t\t\t\t\t\t<div class=\"swiper-slide\" role=\"group\" aria-roledescription=\"slide\">\n\t\t\t\t\t\t\t\t\t<div class=\"elementor-carousel-image portrait\" role=\"img\" aria-label=\"img_home_slider3\" style=\"background-image: url(&#039;https:\/\/www.tryplisboacaparica.com\/wp-content\/uploads\/2023\/11\/img_home_slider3.jpg&#039;)\">\r\n\r\n\t\t\t\r\n\t\t\t\t\t<\/div>\r\n\t\t\t\t\t\t\t\t<\/div>\n\t\t\t\t\t\t\t\t\t\t\t<div class=\"swiper-slide\" role=\"group\" aria-roledescription=\"slide\">\n\t\t\t\t\t\t\t\t\t<div class=\"elementor-carousel-image landscape\" role=\"img\" aria-label=\"img_home_slider4\" style=\"background-image: url(&#039;https:\/\/www.tryplisboacaparica.com\/wp-content\/uploads\/2023\/11\/img_home_slider4.jpg&#039;)\">\r\n\r\n\t\t\t\r\n\t\t\t\t\t<\/div>\r\n\t\t\t\t\t\t\t\t<\/div>\n\t\t\t\t\t\t\t\t\t<\/div>\n\t\t\t\t\t\t\t\t\t\t\t\t\t\t\t<div class=\"elementor-swiper-button elementor-swiper-button-prev\" role=\"button\" tabindex=\"0\" aria-label=\"Anterior\">\n\t\t\t\t\t\t\t<i aria-hidden=\"true\" class=\"eicon-chevron-left\"><\/i>\t\t\t\t\t\t<\/div>\n\t\t\t\t\t\t<div class=\"elementor-swiper-button elementor-swiper-button-next\" role=\"button\" tabindex=\"0\" aria-label=\"Siguiente\">\n\t\t\t\t\t\t\t<i aria-hidden=\"true\" class=\"eicon-chevron-right\"><\/i>\t\t\t\t\t\t<\/div>\n\t\t\t\t\t\t\t\t\t\t\t\t\t\t\t\t<div class=\"swiper-pagination\"><\/div>\n\t\t\t\t\t\t\t\t\t\t\t\t<\/div>\n\t\t\t\t<\/div>\n\t\t\t\t\t\t\t\t<\/div>\n\t\t\t\t<\/div>\n\t\t\t\t<\/div>\n\t\t<section class=\"elementor-element elementor-element-5be6fa1 e-con-full e-flex e-con e-parent\" data-id=\"5be6fa1\" data-element_type=\"container\">\n\t\t<div class=\"elementor-element elementor-element-637ccd9 e-con-full e-flex e-con e-child\" data-id=\"637ccd9\" data-element_type=\"container\">\n\t\t<div class=\"elementor-element elementor-element-55df4ad e-con-full e-flex e-con e-child\" data-id=\"55df4ad\" data-element_type=\"container\">\n\t\t\t\t<div class=\"elementor-element elementor-element-650bc2a elementor-widget elementor-widget-heading\" data-id=\"650bc2a\" data-element_type=\"widget\" data-widget_type=\"heading.default\">\n\t\t\t\t<div class=\"elementor-widget-container\">\n\t\t\t\t\t<h2 class=\"elementor-heading-title elementor-size-default\">explorar la costa<\/h2>\t\t\t\t<\/div>\n\t\t\t\t<\/div>\n\t\t\t\t<div class=\"elementor-element elementor-element-1062144 elementor-widget elementor-widget-heading\" data-id=\"1062144\" data-element_type=\"widget\" data-widget_type=\"heading.default\">\n\t\t\t\t<div class=\"elementor-widget-container\">\n\t\t\t\t\t<h2 class=\"elementor-heading-title elementor-size-default\">da caparica<\/h2>\t\t\t\t<\/div>\n\t\t\t\t<\/div>\n\t\t\t\t<div class=\"elementor-element elementor-element-da84be1 elementor-widget__width-initial elementor-widget elementor-widget-text-editor\" data-id=\"da84be1\" data-element_type=\"widget\" data-widget_type=\"text-editor.default\">\n\t\t\t\t<div class=\"elementor-widget-container\">\n\t\t\t\t\t\t\t\t\t<ul><li>Pase el d\u00eda en la Praia da Costa da Caparica o en la Praia da Rainha, conocidas por sus grandes extensiones de arena y sus excelentes condiciones para practicar deportes acu\u00e1ticos.<\/li><li>D\u00e9 relajantes paseos por el largo paseo mar\u00edtimo, disfrutando de las vistas panor\u00e1micas del oc\u00e9ano.<\/li><li>Practique deportes n\u00e1uticos: adem\u00e1s del surf, pruebe otras actividades acu\u00e1ticas como bodyboard, stand-up paddle o incluso clases de vela.<\/li><li>Explore la Reserva Natural, que ofrece senderos a trav\u00e9s de dunas y bosques, proporcionando una experiencia \u00fanica de naturaleza virgen.<\/li><li>Pruebe platos tradicionales de pescado y marisco en restaurantes frente al mar, como la cataplana de marisco o la famosa sepia frita.<\/li><li>Suba a Cristo Rey y admire la maravillosa vista sobre el r\u00edo Tajo.<\/li><li>Explore la arquitectura sencilla y los espacios contemplativos del Convento dos Capuchos y disfrute de una espectacular panor\u00e1mica de la regi\u00f3n, especialmente al atardecer, desde su mirador.<\/li><\/ul>\t\t\t\t\t\t\t\t<\/div>\n\t\t\t\t<\/div>\n\t\t\t\t<\/div>\n\t\t\t\t<\/div>\n\t\t<div class=\"elementor-element elementor-element-65d27bb e-con-full e-flex e-con e-child\" data-id=\"65d27bb\" data-element_type=\"container\" data-settings=\"{&quot;background_background&quot;:&quot;classic&quot;}\">\n\t\t\t\t<div class=\"elementor-element elementor-element-bcfdf42 elementor-widget elementor-widget-spacer\" data-id=\"bcfdf42\" data-element_type=\"widget\" data-widget_type=\"spacer.default\">\n\t\t\t\t<div class=\"elementor-widget-container\">\n\t\t\t\t\t\t\t<div class=\"elementor-spacer\">\n\t\t\t<div class=\"elementor-spacer-inner\"><\/div>\n\t\t<\/div>\n\t\t\t\t\t\t<\/div>\n\t\t\t\t<\/div>\n\t\t\t\t<\/div>\n\t\t\t\t<\/section>\n\t\t<section class=\"elementor-element elementor-element-540cb73 e-con-full e-flex e-con e-parent\" data-id=\"540cb73\" data-element_type=\"container\">\n\t\t<div class=\"elementor-element elementor-element-e3e1f7c e-con-full e-flex e-con e-child\" data-id=\"e3e1f7c\" data-element_type=\"container\" data-settings=\"{&quot;background_background&quot;:&quot;classic&quot;}\">\n\t\t\t\t<div class=\"elementor-element elementor-element-917d9c4 elementor-widget elementor-widget-spacer\" data-id=\"917d9c4\" data-element_type=\"widget\" data-widget_type=\"spacer.default\">\n\t\t\t\t<div class=\"elementor-widget-container\">\n\t\t\t\t\t\t\t<div class=\"elementor-spacer\">\n\t\t\t<div class=\"elementor-spacer-inner\"><\/div>\n\t\t<\/div>\n\t\t\t\t\t\t<\/div>\n\t\t\t\t<\/div>\n\t\t\t\t<\/div>\n\t\t<div class=\"elementor-element elementor-element-75fb5c0 e-con-full e-flex e-con e-child\" data-id=\"75fb5c0\" data-element_type=\"container\">\n\t\t<div class=\"elementor-element elementor-element-5fdd577 e-con-full e-flex e-con e-child\" data-id=\"5fdd577\" data-element_type=\"container\">\n\t\t\t\t<div class=\"elementor-element elementor-element-3395003 elementor-widget elementor-widget-heading\" data-id=\"3395003\" data-element_type=\"widget\" data-widget_type=\"heading.default\">\n\t\t\t\t<div class=\"elementor-widget-container\">\n\t\t\t\t\t<h2 class=\"elementor-heading-title elementor-size-default\">sentir la ciudad<\/h2>\t\t\t\t<\/div>\n\t\t\t\t<\/div>\n\t\t\t\t<div class=\"elementor-element elementor-element-eb30610 elementor-widget elementor-widget-heading\" data-id=\"eb30610\" data-element_type=\"widget\" data-widget_type=\"heading.default\">\n\t\t\t\t<div class=\"elementor-widget-container\">\n\t\t\t\t\t<h2 class=\"elementor-heading-title elementor-size-default\">de lisboa<\/h2>\t\t\t\t<\/div>\n\t\t\t\t<\/div>\n\t\t\t\t<div class=\"elementor-element elementor-element-ca4faff elementor-widget elementor-widget-text-editor\" data-id=\"ca4faff\" data-element_type=\"widget\" data-widget_type=\"text-editor.default\">\n\t\t\t\t<div class=\"elementor-widget-container\">\n\t\t\t\t\t\t\t\t\t<div class=\"ewa-rteLine\">Pasee por una Lisboa con mil a\u00f1os de historia, rica en monumentos, barrios caracter\u00edsticos donde la ciudad naci\u00f3 y sigue siendo la m\u00e1s genuina.<\/div><div class=\"ewa-rteLine\">Visite la Lisboa del Tajo, con una zona ribere\u00f1a dedicada al ocio que conecta la monumental zona de Bel\u00e9m con el moderno Parque das Na\u00e7\u00f5es.<\/div><div class=\"ewa-rteLine\">Divi\u00e9rtase en una Lisboa llena de noches animadas que no tienen fin.<\/div><div class=\"ewa-rteLine\">Aproveche una Lisboa m\u00e1s deportiva con el golf y el mar tan cerca.<\/div><div class=\"ewa-rteLine\">Disfrute de una Lisboa m\u00e1s serena en sus parques, jardines, miradores, caf\u00e9s y terrazas. Viva una Lisboa de puro placer en su gastronom\u00eda, hoteles de lujo, balnearios y centros comerciales.<\/div>\t\t\t\t\t\t\t\t<\/div>\n\t\t\t\t<\/div>\n\t\t\t\t<\/div>\n\t\t\t\t<\/div>\n\t\t\t\t<\/section>\n\t\t<div class=\"elementor-element elementor-element-6d9b414 e-con-full e-flex e-con e-parent\" data-id=\"6d9b414\" data-element_type=\"container\">\n\t\t\t\t<div class=\"elementor-element elementor-element-cbaed58 elementor-widget elementor-widget-heading\" data-id=\"cbaed58\" data-element_type=\"widget\" data-widget_type=\"heading.default\">\n\t\t\t\t<div class=\"elementor-widget-container\">\n\t\t\t\t\t<h5 class=\"elementor-heading-title elementor-size-default\">Qu\u00e9 ver y hacer<\/h5>\t\t\t\t<\/div>\n\t\t\t\t<\/div>\n\t\t<div class=\"elementor-element elementor-element-b346bc2 e-con-full e-flex e-con e-child\" data-id=\"b346bc2\" data-element_type=\"container\">\n\t\t\t\t<div class=\"elementor-element elementor-element-740e4bc elementor-widget elementor-widget-n-carousel\" data-id=\"740e4bc\" data-element_type=\"widget\" data-settings=\"{&quot;carousel_items&quot;:[{&quot;slide_title&quot;:&quot;Slide #1&quot;,&quot;_id&quot;:&quot;bc1ad8d&quot;},{&quot;slide_title&quot;:&quot;Slide #2&quot;,&quot;_id&quot;:&quot;817f723&quot;},{&quot;slide_title&quot;:&quot;Slide #3&quot;,&quot;_id&quot;:&quot;f0475f9&quot;},{&quot;_id&quot;:&quot;ca82639&quot;,&quot;slide_title&quot;:&quot;Slide #4&quot;}],&quot;slides_to_show&quot;:&quot;4&quot;,&quot;image_spacing_custom&quot;:{&quot;unit&quot;:&quot;px&quot;,&quot;size&quot;:&quot;30&quot;,&quot;sizes&quot;:[]},&quot;slides_to_show_mobile_extra&quot;:&quot;1&quot;,&quot;slides_to_scroll_mobile_extra&quot;:&quot;1&quot;,&quot;slides_to_show_tablet&quot;:&quot;2&quot;,&quot;slides_to_show_mobile&quot;:&quot;1&quot;,&quot;autoplay&quot;:&quot;yes&quot;,&quot;autoplay_speed&quot;:5000,&quot;pause_on_hover&quot;:&quot;yes&quot;,&quot;pause_on_interaction&quot;:&quot;yes&quot;,&quot;speed&quot;:500,&quot;image_spacing_custom_tablet_extra&quot;:{&quot;unit&quot;:&quot;px&quot;,&quot;size&quot;:&quot;&quot;,&quot;sizes&quot;:[]},&quot;image_spacing_custom_tablet&quot;:{&quot;unit&quot;:&quot;px&quot;,&quot;size&quot;:&quot;&quot;,&quot;sizes&quot;:[]},&quot;image_spacing_custom_mobile_extra&quot;:{&quot;unit&quot;:&quot;px&quot;,&quot;size&quot;:&quot;&quot;,&quot;sizes&quot;:[]},&quot;image_spacing_custom_mobile&quot;:{&quot;unit&quot;:&quot;px&quot;,&quot;size&quot;:&quot;&quot;,&quot;sizes&quot;:[]}}\" data-widget_type=\"nested-carousel.default\">\n\t\t\t\t<div class=\"elementor-widget-container\">\n\t\t\t\t\t\t\t<div class=\"e-n-carousel swiper\" role=\"region\" aria-roledescription=\"carousel\" aria-label=\"Carrusel\" dir=\"ltr\">\n\t\t\t<div class=\"swiper-wrapper\" aria-live=\"off\">\n\t\t\t\t\t\t\t\t\t\t<div class=\"swiper-slide\" data-slide=\"1\" role=\"group\" aria-roledescription=\"slide\" aria-label=\"1 of 4\">\n\t\t\t\t\t\t\t<div class=\"elementor-element elementor-element-53701c7 e-flex e-con-boxed e-con e-child\" data-id=\"53701c7\" data-element_type=\"container\">\n\t\t\t\t\t<div class=\"e-con-inner\">\n\t\t<div class=\"elementor-element elementor-element-89754ef e-con-full e-flex e-con e-child\" data-id=\"89754ef\" data-element_type=\"container\">\n\t\t\t\t<div class=\"elementor-element elementor-element-e0a8418 elementor-widget__width-initial elementor-position-top elementor-widget elementor-widget-image-box\" data-id=\"e0a8418\" data-element_type=\"widget\" data-widget_type=\"image-box.default\">\n\t\t\t\t<div class=\"elementor-widget-container\">\n\t\t\t\t\t<div class=\"elementor-image-box-wrapper\"><figure class=\"elementor-image-box-img\"><img fetchpriority=\"high\" decoding=\"async\" width=\"407\" height=\"500\" src=\"https:\/\/www.tryplisboacaparica.com\/wp-content\/uploads\/2023\/12\/Praias-1.jpg\" class=\"attachment-full size-full wp-image-2019\" alt=\"Praias 1\" srcset=\"https:\/\/www.tryplisboacaparica.com\/wp-content\/uploads\/2023\/12\/Praias-1.jpg 407w, https:\/\/www.tryplisboacaparica.com\/wp-content\/uploads\/2023\/12\/Praias-1-244x300.jpg 244w\" sizes=\"(max-width: 407px) 100vw, 407px\" \/><\/figure><div class=\"elementor-image-box-content\"><h3 class=\"elementor-image-box-title\">Playas<\/h3><p class=\"elementor-image-box-description\">Rel\u00e1jese en uno de los largos tramos de las maravillosas playas de la Costa da Caparica. Playas de suave arena blanca. <\/p><\/div><\/div>\t\t\t\t<\/div>\n\t\t\t\t<\/div>\n\t\t\t\t<\/div>\n\t\t\t\t\t<\/div>\n\t\t\t\t<\/div>\n\t\t\t\t\t\t\t\t<\/div>\n\t\t\t\t\t\t\t\t\t\t\t<div class=\"swiper-slide\" data-slide=\"2\" role=\"group\" aria-roledescription=\"slide\" aria-label=\"2 of 4\">\n\t\t\t\t\t\t\t<div class=\"elementor-element elementor-element-f76e8da e-flex e-con-boxed e-con e-child\" data-id=\"f76e8da\" data-element_type=\"container\">\n\t\t\t\t\t<div class=\"e-con-inner\">\n\t\t\t\t<div class=\"elementor-element elementor-element-357ba66 elementor-widget__width-initial elementor-position-top elementor-widget elementor-widget-image-box\" data-id=\"357ba66\" data-element_type=\"widget\" data-widget_type=\"image-box.default\">\n\t\t\t\t<div class=\"elementor-widget-container\">\n\t\t\t\t\t<div class=\"elementor-image-box-wrapper\"><figure class=\"elementor-image-box-img\"><img decoding=\"async\" width=\"408\" height=\"500\" src=\"https:\/\/www.tryplisboacaparica.com\/wp-content\/uploads\/2023\/12\/AdobeStock_298858815-2.jpg\" class=\"attachment-full size-full wp-image-2029\" alt=\"AdobeStock_298858815 (2)\" srcset=\"https:\/\/www.tryplisboacaparica.com\/wp-content\/uploads\/2023\/12\/AdobeStock_298858815-2.jpg 408w, https:\/\/www.tryplisboacaparica.com\/wp-content\/uploads\/2023\/12\/AdobeStock_298858815-2-245x300.jpg 245w\" sizes=\"(max-width: 408px) 100vw, 408px\" \/><\/figure><div class=\"elementor-image-box-content\"><h3 class=\"elementor-image-box-title\">Surf<\/h3><p class=\"elementor-image-box-description\">Practicar surf en Costa da Caparica es una experiencia emocionante, con sus playas de olas consistentes y ambiente relajado. Es un para\u00edso para surfistas de todos los niveles, con escuelas locales que ofrecen la oportunidad perfecta para aprender a dominar las olas del Atl\u00e1ntico.<\/p><\/div><\/div>\t\t\t\t<\/div>\n\t\t\t\t<\/div>\n\t\t\t\t\t<\/div>\n\t\t\t\t<\/div>\n\t\t\t\t\t\t\t\t<\/div>\n\t\t\t\t\t\t\t\t\t\t\t<div class=\"swiper-slide\" data-slide=\"3\" role=\"group\" aria-roledescription=\"slide\" aria-label=\"3 of 4\">\n\t\t\t\t\t\t\t<div class=\"elementor-element elementor-element-2733f80 e-flex e-con-boxed e-con e-child\" data-id=\"2733f80\" data-element_type=\"container\">\n\t\t\t\t\t<div class=\"e-con-inner\">\n\t\t\t\t<div class=\"elementor-element elementor-element-ca50de8 elementor-widget__width-initial elementor-position-top elementor-widget elementor-widget-image-box\" data-id=\"ca50de8\" data-element_type=\"widget\" data-widget_type=\"image-box.default\">\n\t\t\t\t<div class=\"elementor-widget-container\">\n\t\t\t\t\t<div class=\"elementor-image-box-wrapper\"><figure class=\"elementor-image-box-img\"><img decoding=\"async\" width=\"407\" height=\"500\" src=\"https:\/\/www.tryplisboacaparica.com\/wp-content\/uploads\/2023\/12\/AdobeStock_57090435.jpg\" class=\"attachment-full size-full wp-image-2034\" alt=\"AdobeStock_57090435\" srcset=\"https:\/\/www.tryplisboacaparica.com\/wp-content\/uploads\/2023\/12\/AdobeStock_57090435.jpg 407w, https:\/\/www.tryplisboacaparica.com\/wp-content\/uploads\/2023\/12\/AdobeStock_57090435-244x300.jpg 244w\" sizes=\"(max-width: 407px) 100vw, 407px\" \/><\/figure><div class=\"elementor-image-box-content\"><h3 class=\"elementor-image-box-title\">Gastronom\u00eda<\/h3><p class=\"elementor-image-box-description\">Conocida por su hospitalidad, la Costa da Caparica es famosa por su gastronom\u00eda, caracterizada por el pescado y el marisco y los vinos frescos que los acompa\u00f1an. En el paseo mar\u00edtimo, acogedores restaurantes ofrecen delicias como la cataplana de marisco y la sepia frita, proporcionando una experiencia \u00fanica al borde del Atl\u00e1ntico.<\/p><\/div><\/div>\t\t\t\t<\/div>\n\t\t\t\t<\/div>\n\t\t\t\t\t<\/div>\n\t\t\t\t<\/div>\n\t\t\t\t\t\t\t\t<\/div>\n\t\t\t\t\t\t\t\t\t\t\t<div class=\"swiper-slide\" data-slide=\"4\" role=\"group\" aria-roledescription=\"slide\" aria-label=\"4 of 4\">\n\t\t\t\t\t\t\t<div class=\"elementor-element elementor-element-1061503 e-flex e-con-boxed e-con e-child\" data-id=\"1061503\" data-element_type=\"container\">\n\t\t\t\t\t<div class=\"e-con-inner\">\n\t\t\t\t<div class=\"elementor-element elementor-element-461a763 elementor-widget__width-initial elementor-position-top elementor-widget elementor-widget-image-box\" data-id=\"461a763\" data-element_type=\"widget\" data-widget_type=\"image-box.default\">\n\t\t\t\t<div class=\"elementor-widget-container\">\n\t\t\t\t\t<div class=\"elementor-image-box-wrapper\"><figure class=\"elementor-image-box-img\"><img loading=\"lazy\" decoding=\"async\" width=\"407\" height=\"500\" src=\"https:\/\/www.tryplisboacaparica.com\/wp-content\/uploads\/2023\/12\/AdobeStock_57799799-1.jpg\" class=\"attachment-full size-full wp-image-2024\" alt=\"AdobeStock_57799799 1\" srcset=\"https:\/\/www.tryplisboacaparica.com\/wp-content\/uploads\/2023\/12\/AdobeStock_57799799-1.jpg 407w, https:\/\/www.tryplisboacaparica.com\/wp-content\/uploads\/2023\/12\/AdobeStock_57799799-1-244x300.jpg 244w\" sizes=\"(max-width: 407px) 100vw, 407px\" \/><\/figure><div class=\"elementor-image-box-content\"><h3 class=\"elementor-image-box-title\">Golf<\/h3><p class=\"elementor-image-box-description\">La Costa da Caparica alberga campos de golf de renombre internacional, donde los aficionados al golf encontrar\u00e1n campos bien cuidados rodeados por el paisaje costero, proporcionando un entorno relajante pero desafiante para jugadores de todos los niveles.<\/p><\/div><\/div>\t\t\t\t<\/div>\n\t\t\t\t<\/div>\n\t\t\t\t\t<\/div>\n\t\t\t\t<\/div>\n\t\t\t\t\t\t\t\t<\/div>\n\t\t\t\t\t\t\t\t<\/div>\n\t\t<\/div>\n\t\t\t\t\t\t<\/div>\n\t\t\t\t<\/div>\n\t\t\t\t<\/div>\n\t\t\t\t<\/div>\n\t\t<div class=\"elementor-element elementor-element-ef147e1 e-con-full e-flex e-con e-parent\" data-id=\"ef147e1\" data-element_type=\"container\">\n\t\t\t\t<div class=\"elementor-element elementor-element-77cc4b2 elementor-widget elementor-widget-heading\" data-id=\"77cc4b2\" data-element_type=\"widget\" data-widget_type=\"heading.default\">\n\t\t\t\t<div class=\"elementor-widget-container\">\n\t\t\t\t\t<h5 class=\"elementor-heading-title elementor-size-default\">C\u00f3mo llegar desde el aeropuerto<\/h5>\t\t\t\t<\/div>\n\t\t\t\t<\/div>\n\t\t\t\t<\/div>\n\t\t<section class=\"elementor-element elementor-element-6ecac3e e-con-full e-flex e-con e-parent\" data-id=\"6ecac3e\" data-element_type=\"container\">\n\t\t\t\t<div class=\"elementor-element elementor-element-ba2ca3b elementor-widget__width-initial elementor-view-default elementor-position-top elementor-mobile-position-top elementor-widget elementor-widget-icon-box\" data-id=\"ba2ca3b\" data-element_type=\"widget\" data-widget_type=\"icon-box.default\">\n\t\t\t\t<div class=\"elementor-widget-container\">\n\t\t\t\t\t\t\t<div class=\"elementor-icon-box-wrapper\">\n\n\t\t\t\t\t\t<div class=\"elementor-icon-box-icon\">\n\t\t\t\t<span  class=\"elementor-icon\">\n\t\t\t\t<i aria-hidden=\"true\" class=\"fal fa-bus-alt\"><\/i>\t\t\t\t<\/span>\n\t\t\t<\/div>\n\t\t\t\n\t\t\t\t\t\t<div class=\"elementor-icon-box-content\">\n\n\t\t\t\t\t\t\t\t\t<h3 class=\"elementor-icon-box-title\">\n\t\t\t\t\t\t<span  >\n\t\t\t\t\t\t\tBus\t\t\t\t\t\t<\/span>\n\t\t\t\t\t<\/h3>\n\t\t\t\t\n\t\t\t\t\t\t\t\t\t<p class=\"elementor-icon-box-description\">\n\t\t\t\t\t\tServicio regular:<br>\n3710 - Lisboa (Sete Rios) - Costa da Caparica - 35 min.\n3709 - Lisboa (Marqu\u00eas de Pombal) - Costa da Caparica - 45 min\t\t\t\t\t<\/p>\n\t\t\t\t\n\t\t\t<\/div>\n\t\t\t\n\t\t<\/div>\n\t\t\t\t\t\t<\/div>\n\t\t\t\t<\/div>\n\t\t\t\t<div class=\"elementor-element elementor-element-262a63b elementor-widget__width-initial elementor-view-default elementor-position-top elementor-mobile-position-top elementor-widget elementor-widget-icon-box\" data-id=\"262a63b\" data-element_type=\"widget\" data-widget_type=\"icon-box.default\">\n\t\t\t\t<div class=\"elementor-widget-container\">\n\t\t\t\t\t\t\t<div class=\"elementor-icon-box-wrapper\">\n\n\t\t\t\t\t\t<div class=\"elementor-icon-box-icon\">\n\t\t\t\t<span  class=\"elementor-icon\">\n\t\t\t\t<i aria-hidden=\"true\" class=\"fal fa-cars\"><\/i>\t\t\t\t<\/span>\n\t\t\t<\/div>\n\t\t\t\n\t\t\t\t\t\t<div class=\"elementor-icon-box-content\">\n\n\t\t\t\t\t\t\t\t\t<h3 class=\"elementor-icon-box-title\">\n\t\t\t\t\t\t<span  >\n\t\t\t\t\t\t\tRent-a-car\t\t\t\t\t\t<\/span>\n\t\t\t\t\t<\/h3>\n\t\t\t\t\n\t\t\t\t\t\t\t\t\t<p class=\"elementor-icon-box-description\">\n\t\t\t\t\t\tPuede alquilar un coche en la zona de llegadas del aeropuerto a trav\u00e9s de empresas de alquiler de coches. Otra opci\u00f3n es reservar con antelaci\u00f3n.\t\t\t\t\t<\/p>\n\t\t\t\t\n\t\t\t<\/div>\n\t\t\t\n\t\t<\/div>\n\t\t\t\t\t\t<\/div>\n\t\t\t\t<\/div>\n\t\t\t\t<div class=\"elementor-element elementor-element-a47de37 elementor-widget__width-initial elementor-view-default elementor-position-top elementor-mobile-position-top elementor-widget elementor-widget-icon-box\" data-id=\"a47de37\" data-element_type=\"widget\" data-widget_type=\"icon-box.default\">\n\t\t\t\t<div class=\"elementor-widget-container\">\n\t\t\t\t\t\t\t<div class=\"elementor-icon-box-wrapper\">\n\n\t\t\t\t\t\t<div class=\"elementor-icon-box-icon\">\n\t\t\t\t<span  class=\"elementor-icon\">\n\t\t\t\t<i aria-hidden=\"true\" class=\"fal fa-taxi\"><\/i>\t\t\t\t<\/span>\n\t\t\t<\/div>\n\t\t\t\n\t\t\t\t\t\t<div class=\"elementor-icon-box-content\">\n\n\t\t\t\t\t\t\t\t\t<h3 class=\"elementor-icon-box-title\">\n\t\t\t\t\t\t<span  >\n\t\t\t\t\t\t\tTaxi\t\t\t\t\t\t<\/span>\n\t\t\t\t\t<\/h3>\n\t\t\t\t\n\t\t\t\t\t\t\t\t\t<p class=\"elementor-icon-box-description\">\n\t\t\t\t\t\tEl precio medio de un taxi desde el aeropuerto es de unos 45 euros. El importe del trayecto es el mismo y no depende del n\u00famero de pasajeros que viajen en el veh\u00edculo. Si el equipaje supera los 55x35x20 cm, debe transportarse en el maletero o en el techo. En este caso, puede aplicarse un recargo.\nEl transporte de sillas de ruedas, cunas y cochecitos es gratuito. No se exige propina.\t\t\t\t\t<\/p>\n\t\t\t\t\n\t\t\t<\/div>\n\t\t\t\n\t\t<\/div>\n\t\t\t\t\t\t<\/div>\n\t\t\t\t<\/div>\n\t\t\t\t<div class=\"elementor-element elementor-element-4093eb6 elementor-widget__width-initial elementor-view-default elementor-position-top elementor-mobile-position-top elementor-widget elementor-widget-icon-box\" data-id=\"4093eb6\" data-element_type=\"widget\" data-widget_type=\"icon-box.default\">\n\t\t\t\t<div class=\"elementor-widget-container\">\n\t\t\t\t\t\t\t<div class=\"elementor-icon-box-wrapper\">\n\n\t\t\t\t\t\t<div class=\"elementor-icon-box-icon\">\n\t\t\t\t<span  class=\"elementor-icon\">\n\t\t\t\t<i aria-hidden=\"true\" class=\"fal fa-road\"><\/i>\t\t\t\t<\/span>\n\t\t\t<\/div>\n\t\t\t\n\t\t\t\t\t\t<div class=\"elementor-icon-box-content\">\n\n\t\t\t\t\t\t\t\t\t<h3 class=\"elementor-icon-box-title\">\n\t\t\t\t\t\t<span  >\n\t\t\t\t\t\t\tCoche\t\t\t\t\t\t<\/span>\n\t\t\t\t\t<\/h3>\n\t\t\t\t\n\t\t\t\t\t\t\t\t\t<p class=\"elementor-icon-box-description\">\n\t\t\t\t\t\tEl aeropuerto de Portela (Lisboa) est\u00e1 a unos 23 kil\u00f3metros del hotel y el trayecto por la IP7 y la A38 dura unos 26 minutos. Tome la 2\u00aa Circular\/E1 desde Av. Berl\u00edn. Siga por la 2\u00aa Circular\/E1, IP7 y A38 hasta Av. Afonso de Albuquerque\/R. V\u00edtimas da Guerra Colonial\/N377 en Costa da Caparica. Contin\u00fae por Av. Afonso de Albuquerque\/R. V\u00edtimas da Guerra Colonial\/N377 hasta llegar al Hotel Costa da Caparica.\t\t\t\t\t<\/p>\n\t\t\t\t\n\t\t\t<\/div>\n\t\t\t\n\t\t<\/div>\n\t\t\t\t\t\t<\/div>\n\t\t\t\t<\/div>\n\t\t\t\t<\/section>\n\t\t<div class=\"elementor-element elementor-element-e036ed8 e-con-full e-flex e-con e-parent\" data-id=\"e036ed8\" data-element_type=\"container\">\n\t\t\t\t<div class=\"elementor-element elementor-element-6595041 elementor-widget elementor-widget-heading\" data-id=\"6595041\" data-element_type=\"widget\" data-widget_type=\"heading.default\">\n\t\t\t\t<div class=\"elementor-widget-container\">\n\t\t\t\t\t<h5 class=\"elementor-heading-title elementor-size-default\">C\u00f3mo llegar por tierra<\/h5>\t\t\t\t<\/div>\n\t\t\t\t<\/div>\n\t\t\t\t<\/div>\n\t\t<section class=\"elementor-element elementor-element-37fa7d5 e-con-full e-flex e-con e-parent\" data-id=\"37fa7d5\" data-element_type=\"container\">\n\t\t\t\t<div class=\"elementor-element elementor-element-d1659ab elementor-widget__width-initial elementor-view-default elementor-position-top elementor-mobile-position-top elementor-widget elementor-widget-icon-box\" data-id=\"d1659ab\" data-element_type=\"widget\" data-widget_type=\"icon-box.default\">\n\t\t\t\t<div class=\"elementor-widget-container\">\n\t\t\t\t\t\t\t<div class=\"elementor-icon-box-wrapper\">\n\n\t\t\t\t\t\t<div class=\"elementor-icon-box-icon\">\n\t\t\t\t<span  class=\"elementor-icon\">\n\t\t\t\t<i aria-hidden=\"true\" class=\"fal fa-bus-alt\"><\/i>\t\t\t\t<\/span>\n\t\t\t<\/div>\n\t\t\t\n\t\t\t\t\t\t<div class=\"elementor-icon-box-content\">\n\n\t\t\t\t\t\t\t\t\t<h3 class=\"elementor-icon-box-title\">\n\t\t\t\t\t\t<span  >\n\t\t\t\t\t\t\tTransporte Urbano\t\t\t\t\t\t<\/span>\n\t\t\t\t\t<\/h3>\n\t\t\t\t\n\t\t\t\t\t\t\t\t\t<p class=\"elementor-icon-box-description\">\n\t\t\t\t\t\tDentro de la ciudad, el transporte p\u00fablico urbano corre a cargo de los autobuses Carris y el metro de Lisboa.\t\t\t\t\t<\/p>\n\t\t\t\t\n\t\t\t<\/div>\n\t\t\t\n\t\t<\/div>\n\t\t\t\t\t\t<\/div>\n\t\t\t\t<\/div>\n\t\t\t\t<div class=\"elementor-element elementor-element-64e1e90 elementor-widget__width-initial elementor-view-default elementor-position-top elementor-mobile-position-top elementor-widget elementor-widget-icon-box\" data-id=\"64e1e90\" data-element_type=\"widget\" data-widget_type=\"icon-box.default\">\n\t\t\t\t<div class=\"elementor-widget-container\">\n\t\t\t\t\t\t\t<div class=\"elementor-icon-box-wrapper\">\n\n\t\t\t\t\t\t<div class=\"elementor-icon-box-icon\">\n\t\t\t\t<span  class=\"elementor-icon\">\n\t\t\t\t<i aria-hidden=\"true\" class=\"fal fa-road\"><\/i>\t\t\t\t<\/span>\n\t\t\t<\/div>\n\t\t\t\n\t\t\t\t\t\t<div class=\"elementor-icon-box-content\">\n\n\t\t\t\t\t\t\t\t\t<h3 class=\"elementor-icon-box-title\">\n\t\t\t\t\t\t<span  >\n\t\t\t\t\t\t\tCoche\t\t\t\t\t\t<\/span>\n\t\t\t\t\t<\/h3>\n\t\t\t\t\n\t\t\t\t\t\t\t\t\t<p class=\"elementor-icon-box-description\">\n\t\t\t\t\t\tEl tren, el autob\u00fas y el coche son las v\u00edas terrestres utilizadas para llegar a Costa da Caparica.\nHay una autopista que conduce a Costa da Caparica (A2).\nOtra autopista importante (A38) conecta Almada\/Costa da Caparica\t\t\t\t\t<\/p>\n\t\t\t\t\n\t\t\t<\/div>\n\t\t\t\n\t\t<\/div>\n\t\t\t\t\t\t<\/div>\n\t\t\t\t<\/div>\n\t\t\t\t<div class=\"elementor-element elementor-element-20c5b52 elementor-widget__width-initial elementor-view-default elementor-position-top elementor-mobile-position-top elementor-widget elementor-widget-icon-box\" data-id=\"20c5b52\" data-element_type=\"widget\" data-widget_type=\"icon-box.default\">\n\t\t\t\t<div class=\"elementor-widget-container\">\n\t\t\t\t\t\t\t<div class=\"elementor-icon-box-wrapper\">\n\n\t\t\t\t\t\t<div class=\"elementor-icon-box-icon\">\n\t\t\t\t<span  class=\"elementor-icon\">\n\t\t\t\t<i aria-hidden=\"true\" class=\"fal fa-train\"><\/i>\t\t\t\t<\/span>\n\t\t\t<\/div>\n\t\t\t\n\t\t\t\t\t\t<div class=\"elementor-icon-box-content\">\n\n\t\t\t\t\t\t\t\t\t<h3 class=\"elementor-icon-box-title\">\n\t\t\t\t\t\t<span  >\n\t\t\t\t\t\t\tTren\t\t\t\t\t\t<\/span>\n\t\t\t\t\t<\/h3>\n\t\t\t\t\n\t\t\t\t\t\t\t\t\t<p class=\"elementor-icon-box-description\">\n\t\t\t\t\t\tLa estaci\u00f3n de Pragal, situada en la parroquia de Pragal junto al Hospital Garcia da Orta, cerca del centro comercial Almada F\u00f3rum, de la Universidade Nova - FCT, del Instituto Piaget y del Instituto Egas Moniz, es una estaci\u00f3n gestionada por Fertagus.\nDe Fertagus a Pragal:\nRoma-Areeiro - Pragal - 17 min.\nTrasbordo en Pragal al autob\u00fas: \n3011 - Cacilhas - Costa da Caparica - 34 min.\n3024 - Pragal (Est.) - Costa da Caparica - 22 min.\t\t\t\t\t<\/p>\n\t\t\t\t\n\t\t\t<\/div>\n\t\t\t\n\t\t<\/div>\n\t\t\t\t\t\t<\/div>\n\t\t\t\t<\/div>\n\t\t\t\t<div class=\"elementor-element elementor-element-6dc7245 elementor-widget__width-initial elementor-view-default elementor-position-top elementor-mobile-position-top elementor-widget elementor-widget-icon-box\" data-id=\"6dc7245\" data-element_type=\"widget\" data-widget_type=\"icon-box.default\">\n\t\t\t\t<div class=\"elementor-widget-container\">\n\t\t\t\t\t\t\t<div class=\"elementor-icon-box-wrapper\">\n\n\t\t\t\t\t\t<div class=\"elementor-icon-box-icon\">\n\t\t\t\t<span  class=\"elementor-icon\">\n\t\t\t\t<i aria-hidden=\"true\" class=\"fal fa-ship\"><\/i>\t\t\t\t<\/span>\n\t\t\t<\/div>\n\t\t\t\n\t\t\t\t\t\t<div class=\"elementor-icon-box-content\">\n\n\t\t\t\t\t\t\t\t\t<h3 class=\"elementor-icon-box-title\">\n\t\t\t\t\t\t<span  >\n\t\t\t\t\t\t\tBarco\t\t\t\t\t\t<\/span>\n\t\t\t\t\t<\/h3>\n\t\t\t\t\n\t\t\t\t\t\t\t\t\t<p class=\"elementor-icon-box-description\">\n\t\t\t\t\t\tTranstejo - Bel\u00e9m - Porto Brand\u00e3o - Trafaria y traslado al autob\u00fas:\n3030 - Monte da Caparica - Fonte da Telha - 19 min.\nTranstejo - Cais do Sodr\u00e9 - Cacilhas y traslado al autob\u00fas:\n3022 - Cacilhas (Estaci\u00f3n Terminal) - Costa de Caparica (Estaci\u00f3n Terminal) - 45 min.\n3011 - Cacilhas - Costa da Caparica - 34 min.\t\t\t\t\t<\/p>\n\t\t\t\t\n\t\t\t<\/div>\n\t\t\t\n\t\t<\/div>\n\t\t\t\t\t\t<\/div>\n\t\t\t\t<\/div>\n\t\t\t\t<\/section>\n\t\t<!-- dce invisible element 05f3a17 --><section class=\"elementor-element elementor-element-71af052 e-con-full e-flex e-con e-parent\" data-id=\"71af052\" data-element_type=\"container\">\n\t\t<div class=\"elementor-element elementor-element-d613357 e-con-full e-flex e-con e-child\" data-id=\"d613357\" data-element_type=\"container\">\n\t\t<div class=\"elementor-element elementor-element-97f47e6 e-con-full e-flex e-con e-child\" data-id=\"97f47e6\" data-element_type=\"container\">\n\t\t<div class=\"elementor-element elementor-element-2a90fad e-con-full e-flex e-con e-child\" data-id=\"2a90fad\" data-element_type=\"container\" id=\"cardstitles\">\n\t\t\t\t<div class=\"elementor-element elementor-element-a5afca3 elementor-widget elementor-widget-heading\" data-id=\"a5afca3\" data-element_type=\"widget\" data-widget_type=\"heading.default\">\n\t\t\t\t<div class=\"elementor-widget-container\">\n\t\t\t\t\t<h2 class=\"elementor-heading-title elementor-size-default\">eventos<\/h2>\t\t\t\t<\/div>\n\t\t\t\t<\/div>\n\t\t\t\t<div class=\"elementor-element elementor-element-217b1b5 elementor-widget elementor-widget-heading\" data-id=\"217b1b5\" data-element_type=\"widget\" data-widget_type=\"heading.default\">\n\t\t\t\t<div class=\"elementor-widget-container\">\n\t\t\t\t\t<h2 class=\"elementor-heading-title elementor-size-default\">en caparica<\/h2>\t\t\t\t<\/div>\n\t\t\t\t<\/div>\n\t\t\t\t<\/div>\n\t\t\t\t<\/div>\n\t\t<div class=\"elementor-element elementor-element-7da17e2 e-con-full e-flex e-con e-child\" data-id=\"7da17e2\" data-element_type=\"container\">\n\t\t\t\t<div class=\"elementor-element elementor-element-3ad7540 elementor-widget elementor-widget-n-carousel\" data-id=\"3ad7540\" data-element_type=\"widget\" data-settings=\"{&quot;carousel_items&quot;:[{&quot;slide_title&quot;:&quot;Slide #1&quot;,&quot;_id&quot;:&quot;bc1ad8d&quot;},{&quot;slide_title&quot;:&quot;Slide #2&quot;,&quot;_id&quot;:&quot;817f723&quot;}],&quot;slides_to_show&quot;:&quot;3&quot;,&quot;image_spacing_custom&quot;:{&quot;unit&quot;:&quot;px&quot;,&quot;size&quot;:&quot;30&quot;,&quot;sizes&quot;:[]},&quot;slides_to_show_mobile_extra&quot;:&quot;1&quot;,&quot;slides_to_show_tablet&quot;:&quot;2&quot;,&quot;slides_to_show_mobile&quot;:&quot;1&quot;,&quot;autoplay&quot;:&quot;yes&quot;,&quot;autoplay_speed&quot;:5000,&quot;pause_on_hover&quot;:&quot;yes&quot;,&quot;pause_on_interaction&quot;:&quot;yes&quot;,&quot;speed&quot;:500,&quot;image_spacing_custom_tablet_extra&quot;:{&quot;unit&quot;:&quot;px&quot;,&quot;size&quot;:&quot;&quot;,&quot;sizes&quot;:[]},&quot;image_spacing_custom_tablet&quot;:{&quot;unit&quot;:&quot;px&quot;,&quot;size&quot;:&quot;&quot;,&quot;sizes&quot;:[]},&quot;image_spacing_custom_mobile_extra&quot;:{&quot;unit&quot;:&quot;px&quot;,&quot;size&quot;:&quot;&quot;,&quot;sizes&quot;:[]},&quot;image_spacing_custom_mobile&quot;:{&quot;unit&quot;:&quot;px&quot;,&quot;size&quot;:&quot;&quot;,&quot;sizes&quot;:[]}}\" data-widget_type=\"nested-carousel.default\">\n\t\t\t\t<div class=\"elementor-widget-container\">\n\t\t\t\t\t\t\t<div class=\"e-n-carousel swiper\" role=\"region\" aria-roledescription=\"carousel\" aria-label=\"Carrusel\" dir=\"ltr\">\n\t\t\t<div class=\"swiper-wrapper\" aria-live=\"off\">\n\t\t\t\t\t\t\t\t\t\t<div class=\"swiper-slide\" data-slide=\"1\" role=\"group\" aria-roledescription=\"slide\" aria-label=\"1 of 2\">\n\t\t\t\t\t\t\t<div class=\"elementor-element elementor-element-40632e3 e-flex e-con-boxed e-con e-child\" data-id=\"40632e3\" data-element_type=\"container\">\n\t\t\t\t\t<div class=\"e-con-inner\">\n\t\t<div class=\"elementor-element elementor-element-f5bd011 e-con-full e-flex e-con e-child\" data-id=\"f5bd011\" data-element_type=\"container\">\n\t\t\t\t<div class=\"elementor-element elementor-element-05e60f6 elementor-widget__width-initial elementor-position-top elementor-widget elementor-widget-image-box\" data-id=\"05e60f6\" data-element_type=\"widget\" data-widget_type=\"image-box.default\">\n\t\t\t\t<div class=\"elementor-widget-container\">\n\t\t\t\t\t<div class=\"elementor-image-box-wrapper\"><figure class=\"elementor-image-box-img\"><a href=\"https:\/\/www.worldsurfleague.com\/events\/2024\/qs\/257\/caparica-surf-fest-2024\/main\" target=\"_blank\" tabindex=\"-1\"><img fetchpriority=\"high\" decoding=\"async\" width=\"407\" height=\"500\" src=\"https:\/\/www.tryplisboacaparica.com\/wp-content\/uploads\/2023\/12\/Praias-1.jpg\" class=\"attachment-full size-full wp-image-2019\" alt=\"Praias 1\" srcset=\"https:\/\/www.tryplisboacaparica.com\/wp-content\/uploads\/2023\/12\/Praias-1.jpg 407w, https:\/\/www.tryplisboacaparica.com\/wp-content\/uploads\/2023\/12\/Praias-1-244x300.jpg 244w\" sizes=\"(max-width: 407px) 100vw, 407px\" \/><\/a><\/figure><div class=\"elementor-image-box-content\"><h3 class=\"elementor-image-box-title\"><a href=\"https:\/\/www.worldsurfleague.com\/events\/2024\/qs\/257\/caparica-surf-fest-2024\/main\" target=\"_blank\">Caparica Primavera Surf Fest<\/a><\/h3><p class=\"elementor-image-box-description\">El Caparica - Primavera Surf Fest es un festival de surf que se celebra en marzo\/abril en Praia do Para\u00edso. Durante el evento se programan campeonatos nacionales e internacionales de surf, bodyboard y SUP.<\/p><\/div><\/div>\t\t\t\t<\/div>\n\t\t\t\t<\/div>\n\t\t\t\t<\/div>\n\t\t\t\t\t<\/div>\n\t\t\t\t<\/div>\n\t\t\t\t\t\t\t\t<\/div>\n\t\t\t\t\t\t\t\t\t\t\t<div class=\"swiper-slide\" data-slide=\"2\" role=\"group\" aria-roledescription=\"slide\" aria-label=\"2 of 2\">\n\t\t\t\t\t\t\t<div class=\"elementor-element elementor-element-036c9fe e-flex e-con-boxed e-con e-child\" data-id=\"036c9fe\" data-element_type=\"container\">\n\t\t\t\t\t<div class=\"e-con-inner\">\n\t\t\t\t<div class=\"elementor-element elementor-element-fe52e3f elementor-widget__width-initial elementor-position-top elementor-widget elementor-widget-image-box\" data-id=\"fe52e3f\" data-element_type=\"widget\" data-widget_type=\"image-box.default\">\n\t\t\t\t<div class=\"elementor-widget-container\">\n\t\t\t\t\t<div class=\"elementor-image-box-wrapper\"><figure class=\"elementor-image-box-img\"><a href=\"https:\/\/festivalosoldacaparica.pt\/\" target=\"_blank\" tabindex=\"-1\"><img loading=\"lazy\" decoding=\"async\" width=\"798\" height=\"900\" src=\"https:\/\/www.tryplisboacaparica.com\/wp-content\/uploads\/2024\/01\/Tryp_LisboaCaparica_Eventos_Sociais_Aniversarios.jpg\" class=\"attachment-full size-full wp-image-4438\" alt=\"Tryp_LisboaCaparica_Eventos_Sociais_Aniversarios\" srcset=\"https:\/\/www.tryplisboacaparica.com\/wp-content\/uploads\/2024\/01\/Tryp_LisboaCaparica_Eventos_Sociais_Aniversarios.jpg 798w, https:\/\/www.tryplisboacaparica.com\/wp-content\/uploads\/2024\/01\/Tryp_LisboaCaparica_Eventos_Sociais_Aniversarios-266x300.jpg 266w, https:\/\/www.tryplisboacaparica.com\/wp-content\/uploads\/2024\/01\/Tryp_LisboaCaparica_Eventos_Sociais_Aniversarios-768x866.jpg 768w\" sizes=\"(max-width: 798px) 100vw, 798px\" \/><\/a><\/figure><div class=\"elementor-image-box-content\"><h3 class=\"elementor-image-box-title\"><a href=\"https:\/\/festivalosoldacaparica.pt\/\" target=\"_blank\">Sol da Caparica<\/a><\/h3><p class=\"elementor-image-box-description\">Es un festival de m\u00fasica que se celebra anualmente en el Parque Urbano en agosto. Los artistas muestran sus \u00faltimos trabajos, en los que est\u00e1n presentes su creatividad e innovaci\u00f3n.<\/p><\/div><\/div>\t\t\t\t<\/div>\n\t\t\t\t<\/div>\n\t\t\t\t\t<\/div>\n\t\t\t\t<\/div>\n\t\t\t\t\t\t\t\t<\/div>\n\t\t\t\t\t\t\t\t<\/div>\n\t\t<\/div>\n\t\t\t\t\t\t<\/div>\n\t\t\t\t<\/div>\n\t\t\t\t<\/div>\n\t\t\t\t<\/div>\n\t\t\t\t<\/section>\n\t\t\t\t<\/div>\n\t\t","protected":false},"excerpt":{"rendered":"<p>lisboa y caparica Situada en el litoral y en gran parte resultado de un retroceso oce\u00e1nico, la parroquia de Costa de Caparica ocupa una superficie de 10,74 kil\u00f3metros cuadrados, entre el mar y la escarpa. Es la playa continua m\u00e1s larga del pa\u00eds, con unos 30 kil\u00f3metros de extensi\u00f3n. El paisaje protegido del Acantilado F\u00f3sil [&hellip;]<\/p>\n","protected":false},"author":1,"featured_media":0,"parent":0,"menu_order":0,"comment_status":"closed","ping_status":"closed","template":"","meta":{"_acf_changed":false,"footnotes":""},"class_list":["post-7031","page","type-page","status-publish","hentry"],"acf":[],"yoast_head":"<!-- This site is optimized with the Yoast SEO plugin v24.5 - https:\/\/yoast.com\/wordpress\/plugins\/seo\/ -->\n<title>Lisboa y Caparica - TRYP Costa da Caparica<\/title>\n<meta name=\"description\" content=\"Hotel TRYP Lisboa Caparica Mar: ambiente relajado frente al mar, en Costa de Caparica, la playa m\u00e1s extensa y famosa de Lisboa.\" \/>\n<meta name=\"robots\" content=\"index, follow, max-snippet:-1, max-image-preview:large, max-video-preview:-1\" \/>\n<link rel=\"canonical\" href=\"https:\/\/www.tryplisboacaparica.com\/es\/lisboa-caparica\/\" \/>\n<meta property=\"og:locale\" content=\"es_ES\" \/>\n<meta property=\"og:type\" content=\"article\" \/>\n<meta property=\"og:title\" content=\"Lisboa y Caparica - TRYP Costa da Caparica\" \/>\n<meta property=\"og:description\" content=\"Hotel TRYP Lisboa Caparica Mar: ambiente relajado frente al mar, en Costa de Caparica, la playa m\u00e1s extensa y famosa de Lisboa.\" \/>\n<meta property=\"og:url\" content=\"https:\/\/www.tryplisboacaparica.com\/es\/lisboa-caparica\/\" \/>\n<meta property=\"og:site_name\" content=\"TRYP Costa da Caparica\" \/>\n<meta property=\"article:publisher\" content=\"https:\/\/www.facebook.com\/tryplisboacaparicamar\/\" \/>\n<meta property=\"article:modified_time\" content=\"2025-01-07T15:35:20+00:00\" \/>\n<meta property=\"og:image\" content=\"https:\/\/tryplisboacaparica.com\/wp-content\/uploads\/2023\/12\/Praias-1.jpg\" \/>\n<meta name=\"twitter:card\" content=\"summary_large_image\" \/>\n<meta name=\"twitter:label1\" content=\"Tiempo de lectura\" \/>\n\t<meta name=\"twitter:data1\" content=\"9 minutos\" \/>\n<script type=\"application\/ld+json\" class=\"yoast-schema-graph\">{\"@context\":\"https:\/\/schema.org\",\"@graph\":[{\"@type\":\"WebPage\",\"@id\":\"https:\/\/www.tryplisboacaparica.com\/es\/lisboa-caparica\/\",\"url\":\"https:\/\/www.tryplisboacaparica.com\/es\/lisboa-caparica\/\",\"name\":\"Lisboa y Caparica - TRYP Costa da Caparica\",\"isPartOf\":{\"@id\":\"https:\/\/www.tryplisboacaparica.com\/es\/#website\"},\"primaryImageOfPage\":{\"@id\":\"https:\/\/www.tryplisboacaparica.com\/es\/lisboa-caparica\/#primaryimage\"},\"image\":{\"@id\":\"https:\/\/www.tryplisboacaparica.com\/es\/lisboa-caparica\/#primaryimage\"},\"thumbnailUrl\":\"https:\/\/tryplisboacaparica.com\/wp-content\/uploads\/2023\/12\/Praias-1.jpg\",\"datePublished\":\"2023-12-19T12:17:38+00:00\",\"dateModified\":\"2025-01-07T15:35:20+00:00\",\"description\":\"Hotel TRYP Lisboa Caparica Mar: ambiente relajado frente al mar, en Costa de Caparica, la playa m\u00e1s extensa y famosa de Lisboa.\",\"breadcrumb\":{\"@id\":\"https:\/\/www.tryplisboacaparica.com\/es\/lisboa-caparica\/#breadcrumb\"},\"inLanguage\":\"es\",\"potentialAction\":[{\"@type\":\"ReadAction\",\"target\":[\"https:\/\/www.tryplisboacaparica.com\/es\/lisboa-caparica\/\"]}]},{\"@type\":\"ImageObject\",\"inLanguage\":\"es\",\"@id\":\"https:\/\/www.tryplisboacaparica.com\/es\/lisboa-caparica\/#primaryimage\",\"url\":\"https:\/\/tryplisboacaparica.com\/wp-content\/uploads\/2023\/12\/Praias-1.jpg\",\"contentUrl\":\"https:\/\/tryplisboacaparica.com\/wp-content\/uploads\/2023\/12\/Praias-1.jpg\"},{\"@type\":\"BreadcrumbList\",\"@id\":\"https:\/\/www.tryplisboacaparica.com\/es\/lisboa-caparica\/#breadcrumb\",\"itemListElement\":[{\"@type\":\"ListItem\",\"position\":1,\"name\":\"In\u00edcio\",\"item\":\"https:\/\/www.tryplisboacaparica.com\/es\/\"},{\"@type\":\"ListItem\",\"position\":2,\"name\":\"Lisboa y Caparica\"}]},{\"@type\":\"WebSite\",\"@id\":\"https:\/\/www.tryplisboacaparica.com\/es\/#website\",\"url\":\"https:\/\/www.tryplisboacaparica.com\/es\/\",\"name\":\"TRYP Costa da Caparica\",\"description\":\"Hotel TRYP Lisboa Caparica Mar: ambiente relaxante \u00e0 beira-mar, na Costa da Caparica, a maior e mais famosa praia da regi\u00e3o de Lisboa.\",\"publisher\":{\"@id\":\"https:\/\/www.tryplisboacaparica.com\/es\/#organization\"},\"alternateName\":\"Lisboa Caparica Mar\",\"potentialAction\":[{\"@type\":\"SearchAction\",\"target\":{\"@type\":\"EntryPoint\",\"urlTemplate\":\"https:\/\/www.tryplisboacaparica.com\/es\/?s={search_term_string}\"},\"query-input\":{\"@type\":\"PropertyValueSpecification\",\"valueRequired\":true,\"valueName\":\"search_term_string\"}}],\"inLanguage\":\"es\"},{\"@type\":\"Organization\",\"@id\":\"https:\/\/www.tryplisboacaparica.com\/es\/#organization\",\"name\":\"TRYP Costa da Caparica\",\"alternateName\":\"TRYP Lisboa Caparica Mar\",\"url\":\"https:\/\/www.tryplisboacaparica.com\/es\/\",\"logo\":{\"@type\":\"ImageObject\",\"inLanguage\":\"es\",\"@id\":\"https:\/\/www.tryplisboacaparica.com\/es\/#\/schema\/logo\/image\/\",\"url\":\"https:\/\/www.tryplisboacaparica.com\/wp-content\/uploads\/2025\/12\/TrypLisboaCaparicaMar_Logo.png\",\"contentUrl\":\"https:\/\/www.tryplisboacaparica.com\/wp-content\/uploads\/2025\/12\/TrypLisboaCaparicaMar_Logo.png\",\"width\":199,\"height\":90,\"caption\":\"TRYP Costa da Caparica\"},\"image\":{\"@id\":\"https:\/\/www.tryplisboacaparica.com\/es\/#\/schema\/logo\/image\/\"},\"sameAs\":[\"https:\/\/www.facebook.com\/tryplisboacaparicamar\/\",\"https:\/\/www.linkedin.com\/company\/hoti-hoteis\/\",\"https:\/\/www.tripadvisor.pt\/Hotel_Review-g656856-d280552-Reviews-TRYP_by_Wyndham_Lisboa_Caparica_Mar-Costa_da_Caparica_Setubal_District_Alentejo.html\"]}]}<\/script>\n<!-- \/ Yoast SEO plugin. -->","yoast_head_json":{"title":"Lisboa y Caparica - TRYP Costa da Caparica","description":"Hotel TRYP Lisboa Caparica Mar: ambiente relajado frente al mar, en Costa de Caparica, la playa m\u00e1s extensa y famosa de Lisboa.","robots":{"index":"index","follow":"follow","max-snippet":"max-snippet:-1","max-image-preview":"max-image-preview:large","max-video-preview":"max-video-preview:-1"},"canonical":"https:\/\/www.tryplisboacaparica.com\/es\/lisboa-caparica\/","og_locale":"es_ES","og_type":"article","og_title":"Lisboa y Caparica - TRYP Costa da Caparica","og_description":"Hotel TRYP Lisboa Caparica Mar: ambiente relajado frente al mar, en Costa de Caparica, la playa m\u00e1s extensa y famosa de Lisboa.","og_url":"https:\/\/www.tryplisboacaparica.com\/es\/lisboa-caparica\/","og_site_name":"TRYP Costa da Caparica","article_publisher":"https:\/\/www.facebook.com\/tryplisboacaparicamar\/","article_modified_time":"2025-01-07T15:35:20+00:00","og_image":[{"url":"https:\/\/tryplisboacaparica.com\/wp-content\/uploads\/2023\/12\/Praias-1.jpg","type":"","width":"","height":""}],"twitter_card":"summary_large_image","twitter_misc":{"Tiempo de lectura":"9 minutos"},"schema":{"@context":"https:\/\/schema.org","@graph":[{"@type":"WebPage","@id":"https:\/\/www.tryplisboacaparica.com\/es\/lisboa-caparica\/","url":"https:\/\/www.tryplisboacaparica.com\/es\/lisboa-caparica\/","name":"Lisboa y Caparica - TRYP Costa da Caparica","isPartOf":{"@id":"https:\/\/www.tryplisboacaparica.com\/es\/#website"},"primaryImageOfPage":{"@id":"https:\/\/www.tryplisboacaparica.com\/es\/lisboa-caparica\/#primaryimage"},"image":{"@id":"https:\/\/www.tryplisboacaparica.com\/es\/lisboa-caparica\/#primaryimage"},"thumbnailUrl":"https:\/\/tryplisboacaparica.com\/wp-content\/uploads\/2023\/12\/Praias-1.jpg","datePublished":"2023-12-19T12:17:38+00:00","dateModified":"2025-01-07T15:35:20+00:00","description":"Hotel TRYP Lisboa Caparica Mar: ambiente relajado frente al mar, en Costa de Caparica, la playa m\u00e1s extensa y famosa de Lisboa.","breadcrumb":{"@id":"https:\/\/www.tryplisboacaparica.com\/es\/lisboa-caparica\/#breadcrumb"},"inLanguage":"es","potentialAction":[{"@type":"ReadAction","target":["https:\/\/www.tryplisboacaparica.com\/es\/lisboa-caparica\/"]}]},{"@type":"ImageObject","inLanguage":"es","@id":"https:\/\/www.tryplisboacaparica.com\/es\/lisboa-caparica\/#primaryimage","url":"https:\/\/tryplisboacaparica.com\/wp-content\/uploads\/2023\/12\/Praias-1.jpg","contentUrl":"https:\/\/tryplisboacaparica.com\/wp-content\/uploads\/2023\/12\/Praias-1.jpg"},{"@type":"BreadcrumbList","@id":"https:\/\/www.tryplisboacaparica.com\/es\/lisboa-caparica\/#breadcrumb","itemListElement":[{"@type":"ListItem","position":1,"name":"In\u00edcio","item":"https:\/\/www.tryplisboacaparica.com\/es\/"},{"@type":"ListItem","position":2,"name":"Lisboa y Caparica"}]},{"@type":"WebSite","@id":"https:\/\/www.tryplisboacaparica.com\/es\/#website","url":"https:\/\/www.tryplisboacaparica.com\/es\/","name":"TRYP Costa da Caparica","description":"Hotel TRYP Lisboa Caparica Mar: ambiente relaxante \u00e0 beira-mar, na Costa da Caparica, a maior e mais famosa praia da regi\u00e3o de Lisboa.","publisher":{"@id":"https:\/\/www.tryplisboacaparica.com\/es\/#organization"},"alternateName":"Lisboa Caparica Mar","potentialAction":[{"@type":"SearchAction","target":{"@type":"EntryPoint","urlTemplate":"https:\/\/www.tryplisboacaparica.com\/es\/?s={search_term_string}"},"query-input":{"@type":"PropertyValueSpecification","valueRequired":true,"valueName":"search_term_string"}}],"inLanguage":"es"},{"@type":"Organization","@id":"https:\/\/www.tryplisboacaparica.com\/es\/#organization","name":"TRYP Costa da Caparica","alternateName":"TRYP Lisboa Caparica Mar","url":"https:\/\/www.tryplisboacaparica.com\/es\/","logo":{"@type":"ImageObject","inLanguage":"es","@id":"https:\/\/www.tryplisboacaparica.com\/es\/#\/schema\/logo\/image\/","url":"https:\/\/www.tryplisboacaparica.com\/wp-content\/uploads\/2025\/12\/TrypLisboaCaparicaMar_Logo.png","contentUrl":"https:\/\/www.tryplisboacaparica.com\/wp-content\/uploads\/2025\/12\/TrypLisboaCaparicaMar_Logo.png","width":199,"height":90,"caption":"TRYP Costa da Caparica"},"image":{"@id":"https:\/\/www.tryplisboacaparica.com\/es\/#\/schema\/logo\/image\/"},"sameAs":["https:\/\/www.facebook.com\/tryplisboacaparicamar\/","https:\/\/www.linkedin.com\/company\/hoti-hoteis\/","https:\/\/www.tripadvisor.pt\/Hotel_Review-g656856-d280552-Reviews-TRYP_by_Wyndham_Lisboa_Caparica_Mar-Costa_da_Caparica_Setubal_District_Alentejo.html"]}]}},"_links":{"self":[{"href":"https:\/\/www.tryplisboacaparica.com\/es\/wp-json\/wp\/v2\/pages\/7031","targetHints":{"allow":["GET"]}}],"collection":[{"href":"https:\/\/www.tryplisboacaparica.com\/es\/wp-json\/wp\/v2\/pages"}],"about":[{"href":"https:\/\/www.tryplisboacaparica.com\/es\/wp-json\/wp\/v2\/types\/page"}],"author":[{"embeddable":true,"href":"https:\/\/www.tryplisboacaparica.com\/es\/wp-json\/wp\/v2\/users\/1"}],"replies":[{"embeddable":true,"href":"https:\/\/www.tryplisboacaparica.com\/es\/wp-json\/wp\/v2\/comments?post=7031"}],"version-history":[{"count":10,"href":"https:\/\/www.tryplisboacaparica.com\/es\/wp-json\/wp\/v2\/pages\/7031\/revisions"}],"predecessor-version":[{"id":15908,"href":"https:\/\/www.tryplisboacaparica.com\/es\/wp-json\/wp\/v2\/pages\/7031\/revisions\/15908"}],"wp:attachment":[{"href":"https:\/\/www.tryplisboacaparica.com\/es\/wp-json\/wp\/v2\/media?parent=7031"}],"curies":[{"name":"wp","href":"https:\/\/api.w.org\/{rel}","templated":true}]}}