{"id":8042,"date":"2024-01-24T09:37:42","date_gmt":"2024-01-24T09:37:42","guid":{"rendered":"https:\/\/www.tryplisboacaparica.com\/eventos-corporate\/"},"modified":"2025-01-07T14:39:06","modified_gmt":"2025-01-07T14:39:06","slug":"evenements-corporate","status":"publish","type":"page","link":"https:\/\/www.tryplisboacaparica.com\/fr\/evenements-corporate\/","title":{"rendered":"\u00c9v\u00e8nements Corporate"},"content":{"rendered":"\t\t<div data-elementor-type=\"wp-page\" data-elementor-id=\"8042\" class=\"elementor elementor-8042 elementor-4159\" data-elementor-post-type=\"page\">\n\t\t\t\t<section class=\"elementor-element elementor-element-9d18320 e-con-full e-flex e-con e-parent\" data-id=\"9d18320\" data-element_type=\"container\" data-settings=\"{&quot;background_background&quot;:&quot;classic&quot;}\">\n\t\t<div class=\"elementor-element elementor-element-edc3c07 e-con-full e-flex e-con e-child\" data-id=\"edc3c07\" data-element_type=\"container\">\n\t\t\t\t<div class=\"elementor-element elementor-element-0517a6e elementor-widget elementor-widget-heading\" data-id=\"0517a6e\" data-element_type=\"widget\" data-widget_type=\"heading.default\">\n\t\t\t\t<div class=\"elementor-widget-container\">\n\t\t\t\t\t<h1 class=\"elementor-heading-title elementor-size-default\">\u00c9v\u00e8nements <\/h1>\t\t\t\t<\/div>\n\t\t\t\t<\/div>\n\t\t\t\t<div class=\"elementor-element elementor-element-14f695f elementor-widget elementor-widget-heading\" data-id=\"14f695f\" data-element_type=\"widget\" data-widget_type=\"heading.default\">\n\t\t\t\t<div class=\"elementor-widget-container\">\n\t\t\t\t\t<h2 class=\"elementor-heading-title elementor-size-default\">Corporate<\/h2>\t\t\t\t<\/div>\n\t\t\t\t<\/div>\n\t\t\t\t<\/div>\n\t\t\t\t<\/section>\n\t\t<section class=\"elementor-element elementor-element-8e7a29a e-con-full e-flex e-con e-parent\" data-id=\"8e7a29a\" data-element_type=\"container\">\n\t\t\t\t<div class=\"elementor-element elementor-element-5428f0b elementor-widget elementor-widget-text-editor\" data-id=\"5428f0b\" data-element_type=\"widget\" data-widget_type=\"text-editor.default\">\n\t\t\t\t<div class=\"elementor-widget-container\">\n\t\t\t\t\t\t\t\t\t<p>Nos espaces offrent la combinaison id\u00e9ale entre l&#8217;ambiance sophistiqu\u00e9e, les services personnalis\u00e9s, les installations modernes, pour assurer votre \u00e9v\u00e8nement corporate. Que ce soit une conf\u00e9rence, une r\u00e9union d&#8217;affaires, un s\u00e9mainaire ou n&#8217;importe quel autre occasion corporate, nous cr\u00e9ons une atmosph\u00e9re de networking de coop\u00e9ration et de succ\u00e8s d&#8217;entrepreneur.<\/p>\t\t\t\t\t\t\t\t<\/div>\n\t\t\t\t<\/div>\n\t\t\t\t<\/section>\n\t\t<section class=\"elementor-element elementor-element-540cb73 e-con-full e-flex e-con e-parent\" data-id=\"540cb73\" data-element_type=\"container\">\n\t\t<div class=\"elementor-element elementor-element-e3e1f7c e-con-full e-flex e-con e-child\" data-id=\"e3e1f7c\" data-element_type=\"container\" data-settings=\"{&quot;background_background&quot;:&quot;classic&quot;}\">\n\t\t\t\t<div class=\"elementor-element elementor-element-917d9c4 elementor-widget elementor-widget-spacer\" data-id=\"917d9c4\" data-element_type=\"widget\" data-widget_type=\"spacer.default\">\n\t\t\t\t<div class=\"elementor-widget-container\">\n\t\t\t\t\t\t\t<div class=\"elementor-spacer\">\n\t\t\t<div class=\"elementor-spacer-inner\"><\/div>\n\t\t<\/div>\n\t\t\t\t\t\t<\/div>\n\t\t\t\t<\/div>\n\t\t\t\t<\/div>\n\t\t<div class=\"elementor-element elementor-element-75fb5c0 e-con-full e-flex e-con e-child\" data-id=\"75fb5c0\" data-element_type=\"container\">\n\t\t<div class=\"elementor-element elementor-element-5fdd577 e-con-full e-flex e-con e-child\" data-id=\"5fdd577\" data-element_type=\"container\">\n\t\t\t\t<div class=\"elementor-element elementor-element-3395003 elementor-widget elementor-widget-heading\" data-id=\"3395003\" data-element_type=\"widget\" data-widget_type=\"heading.default\">\n\t\t\t\t<div class=\"elementor-widget-container\">\n\t\t\t\t\t<h2 class=\"elementor-heading-title elementor-size-default\">SALLES DE <\/h2>\t\t\t\t<\/div>\n\t\t\t\t<\/div>\n\t\t\t\t<div class=\"elementor-element elementor-element-de5a346 elementor-widget elementor-widget-heading\" data-id=\"de5a346\" data-element_type=\"widget\" data-widget_type=\"heading.default\">\n\t\t\t\t<div class=\"elementor-widget-container\">\n\t\t\t\t\t<h2 class=\"elementor-heading-title elementor-size-default\">R\u00c9UNIONS<\/h2>\t\t\t\t<\/div>\n\t\t\t\t<\/div>\n\t\t\t\t<div class=\"elementor-element elementor-element-ca4faff elementor-widget elementor-widget-text-editor\" data-id=\"ca4faff\" data-element_type=\"widget\" data-widget_type=\"text-editor.default\">\n\t\t\t\t<div class=\"elementor-widget-container\">\n\t\t\t\t\t\t\t\t\t<p>L&#8217; h\u00f4tel Tryp Lisboa Caparica Mar, dispose de 7 salles de r\u00e9unions, \u00e9quip\u00e9es d&#8217; haute technologie audiovisuelle pour vous permettre de cr\u00e9er l&#8217;ambiance souhait\u00e9e. Ces espaces, associ\u00e9s \u00e0 des services compl\u00e9mentaires assureront le succ\u00e8s de votre \u00e9v\u00e8nemetn. Profitez des commodit\u00e9s de l&#8217;h\u00f4tel et de sa localisation priviligi\u00e9e.<\/p><p><em><strong>&#8220;UNE R\u00c9UNION TRYP, EST UNE R\u00c9UNION BIEN PR\u00c9PAR\u00c9E.&#8221;<\/strong><\/em><\/p>\t\t\t\t\t\t\t\t<\/div>\n\t\t\t\t<\/div>\n\t\t<div class=\"elementor-element elementor-element-a4d6481 e-flex e-con-boxed e-con e-child\" data-id=\"a4d6481\" data-element_type=\"container\" data-settings=\"{&quot;background_background&quot;:&quot;classic&quot;}\">\n\t\t\t\t\t<div class=\"e-con-inner\">\n\t\t\t\t<div class=\"elementor-element elementor-element-dc2234a elementor-widget__width-initial elementor-widget elementor-widget-button\" data-id=\"dc2234a\" data-element_type=\"widget\" data-widget_type=\"button.default\">\n\t\t\t\t<div class=\"elementor-widget-container\">\n\t\t\t\t\t\t\t\t\t<div class=\"elementor-button-wrapper\">\n\t\t\t\t\t<a class=\"elementor-button elementor-button-link elementor-size-sm\" href=\"#maisinfo\">\n\t\t\t\t\t\t<span class=\"elementor-button-content-wrapper\">\n\t\t\t\t\t\t\t\t\t<span class=\"elementor-button-text\">INFORMATIONS COMPL\u00c9MENTAIRES<\/span>\n\t\t\t\t\t<\/span>\n\t\t\t\t\t<\/a>\n\t\t\t\t<\/div>\n\t\t\t\t\t\t\t\t<\/div>\n\t\t\t\t<\/div>\n\t\t\t\t\t<\/div>\n\t\t\t\t<\/div>\n\t\t\t\t<\/div>\n\t\t\t\t<\/div>\n\t\t\t\t<\/section>\n\t\t<section class=\"elementor-element elementor-element-9dc22db e-con-full e-flex e-con e-parent\" data-id=\"9dc22db\" data-element_type=\"container\">\n\t\t<div class=\"elementor-element elementor-element-a46bd43 e-con-full e-flex e-con e-child\" data-id=\"a46bd43\" data-element_type=\"container\">\n\t\t<div class=\"elementor-element elementor-element-fed2038 e-con-full e-flex e-con e-child\" data-id=\"fed2038\" data-element_type=\"container\">\n\t\t\t\t<div class=\"elementor-element elementor-element-35f6387 elementor-widget elementor-widget-heading\" data-id=\"35f6387\" data-element_type=\"widget\" data-widget_type=\"heading.default\">\n\t\t\t\t<div class=\"elementor-widget-container\">\n\t\t\t\t\t<h2 class=\"elementor-heading-title elementor-size-default\">F\u00caTES<\/h2>\t\t\t\t<\/div>\n\t\t\t\t<\/div>\n\t\t\t\t<div class=\"elementor-element elementor-element-c457ae0 elementor-widget__width-initial elementor-widget elementor-widget-text-editor\" data-id=\"c457ae0\" data-element_type=\"widget\" data-widget_type=\"text-editor.default\">\n\t\t\t\t<div class=\"elementor-widget-container\">\n\t\t\t\t\t\t\t\t\t<p>C\u00e9l\u00e9brez vos conqu\u00eates dans l&#8217;h\u00f4tel Tryp Lisboa Caparica Mar. Vous disposez de plusieurs options de menus, de g\u00e2teaux et d&#8217;animation et de d\u00e9coration pour cr\u00e9er la f\u00eate de vos r\u00eaves. Invitez tous vos coll\u00e8gues et vos amis pour une f\u00eate m\u00e9morable et comptez sur notre \u00e9quipe proff\u00e9ssionnelle de traiteur. Informez-vous avec nous de tous les programmes, dont nous disposons.<\/p><p><em><strong>&#8220;LES MEILLEURES ID\u00c9ES NAISSENT AU TOUR DE LA TABLE&#8221;<\/strong><\/em><\/p>\t\t\t\t\t\t\t\t<\/div>\n\t\t\t\t<\/div>\n\t\t\t\t<div class=\"elementor-element elementor-element-12d8db0 elementor-widget__width-initial elementor-widget elementor-widget-button\" data-id=\"12d8db0\" data-element_type=\"widget\" data-widget_type=\"button.default\">\n\t\t\t\t<div class=\"elementor-widget-container\">\n\t\t\t\t\t\t\t\t\t<div class=\"elementor-button-wrapper\">\n\t\t\t\t\t<a class=\"elementor-button elementor-button-link elementor-size-sm\" href=\"#maisinfo\">\n\t\t\t\t\t\t<span class=\"elementor-button-content-wrapper\">\n\t\t\t\t\t\t\t\t\t<span class=\"elementor-button-text\">INFORMATIONS COMPL\u00c9MENTAIRES<\/span>\n\t\t\t\t\t<\/span>\n\t\t\t\t\t<\/a>\n\t\t\t\t<\/div>\n\t\t\t\t\t\t\t\t<\/div>\n\t\t\t\t<\/div>\n\t\t\t\t<\/div>\n\t\t\t\t<\/div>\n\t\t<div class=\"elementor-element elementor-element-a89ee97 e-con-full e-flex e-con e-child\" data-id=\"a89ee97\" data-element_type=\"container\" data-settings=\"{&quot;background_background&quot;:&quot;classic&quot;}\">\n\t\t\t\t<div class=\"elementor-element elementor-element-f749091 elementor-widget elementor-widget-spacer\" data-id=\"f749091\" data-element_type=\"widget\" data-widget_type=\"spacer.default\">\n\t\t\t\t<div class=\"elementor-widget-container\">\n\t\t\t\t\t\t\t<div class=\"elementor-spacer\">\n\t\t\t<div class=\"elementor-spacer-inner\"><\/div>\n\t\t<\/div>\n\t\t\t\t\t\t<\/div>\n\t\t\t\t<\/div>\n\t\t\t\t<\/div>\n\t\t\t\t<\/section>\n\t\t<div class=\"elementor-element elementor-element-0f59b90 e-con-full e-flex e-con e-parent\" data-id=\"0f59b90\" data-element_type=\"container\">\n\t\t\t\t<div class=\"elementor-element elementor-element-947806e elementor-widget elementor-widget-heading\" data-id=\"947806e\" data-element_type=\"widget\" data-widget_type=\"heading.default\">\n\t\t\t\t<div class=\"elementor-widget-container\">\n\t\t\t\t\t<h5 class=\"elementor-heading-title elementor-size-default\">Galerie d'images<\/h5>\t\t\t\t<\/div>\n\t\t\t\t<\/div>\n\t\t\t\t<div class=\"elementor-element elementor-element-4e202f4 elementor-skin-carousel elementor-arrows-yes elementor-pagination-type-bullets elementor-pagination-position-outside elementor-widget elementor-widget-hoti-gallery-slider\" data-id=\"4e202f4\" data-element_type=\"widget\" data-settings=\"{&quot;slides_per_view&quot;:&quot;3&quot;,&quot;skin&quot;:&quot;carousel&quot;,&quot;effect&quot;:&quot;slide&quot;,&quot;show_arrows&quot;:&quot;yes&quot;,&quot;pagination&quot;:&quot;bullets&quot;,&quot;speed&quot;:500,&quot;autoplay&quot;:&quot;yes&quot;,&quot;autoplay_speed&quot;:5000,&quot;pause_on_hover&quot;:&quot;yes&quot;,&quot;pause_on_interaction&quot;:&quot;yes&quot;,&quot;space_between&quot;:{&quot;unit&quot;:&quot;px&quot;,&quot;size&quot;:10,&quot;sizes&quot;:[]},&quot;space_between_tablet_extra&quot;:{&quot;unit&quot;:&quot;px&quot;,&quot;size&quot;:10,&quot;sizes&quot;:[]},&quot;space_between_tablet&quot;:{&quot;unit&quot;:&quot;px&quot;,&quot;size&quot;:10,&quot;sizes&quot;:[]},&quot;space_between_mobile_extra&quot;:{&quot;unit&quot;:&quot;px&quot;,&quot;size&quot;:10,&quot;sizes&quot;:[]},&quot;space_between_mobile&quot;:{&quot;unit&quot;:&quot;px&quot;,&quot;size&quot;:10,&quot;sizes&quot;:[]}}\" data-widget_type=\"hoti-gallery-slider.default\">\n\t\t\t\t<div class=\"elementor-widget-container\">\n\t\t\t\t\t\t\t\t\t<div class=\"elementor-swiper\">\n\t\t\t\t\t<div class=\"elementor-main-swiper swiper\" role=\"region\" aria-roledescription=\"carousel\" aria-label=\"Diapositives\">\n\t\t\t\t<div class=\"swiper-wrapper\">\n\t\t\t\t\t\t\t\t\t\t\t<div class=\"swiper-slide\" role=\"group\" aria-roledescription=\"slide\">\n\t\t\t\t\t\t\t\t\t<div class=\"elementor-carousel-image landscape\" role=\"img\" aria-label=\"Tryp Lisboa Caparica Mar_Sala de Reuni\u00f5es Janela\" style=\"background-image: url(&#039;https:\/\/www.tryplisboacaparica.com\/wp-content\/uploads\/2024\/01\/Tryp-Lisboa-Caparica-Mar_Sala-de-Reunioes-Janela.jpg&#039;)\">\r\n\r\n\t\t\t\r\n\t\t\t\t\t<\/div>\r\n\t\t\t\t\t\t\t\t<\/div>\n\t\t\t\t\t\t\t\t\t\t\t<div class=\"swiper-slide\" role=\"group\" aria-roledescription=\"slide\">\n\t\t\t\t\t\t\t\t\t<div class=\"elementor-carousel-image landscape\" role=\"img\" aria-label=\"Tryp Lisboa Caparica Mar_Sala de Reuni\u00f5es em U\" style=\"background-image: url(&#039;https:\/\/www.tryplisboacaparica.com\/wp-content\/uploads\/2024\/01\/Tryp-Lisboa-Caparica-Mar_Sala-de-Reunioes-em-U-1.jpg&#039;)\">\r\n\r\n\t\t\t\r\n\t\t\t\t\t<\/div>\r\n\t\t\t\t\t\t\t\t<\/div>\n\t\t\t\t\t\t\t\t\t\t\t<div class=\"swiper-slide\" role=\"group\" aria-roledescription=\"slide\">\n\t\t\t\t\t\t\t\t\t<div class=\"elementor-carousel-image portrait\" role=\"img\" aria-label=\"Tryp Lisboa Caparica Mar_Sala de Reuni\u00f5es em Plateia\" style=\"background-image: url(&#039;https:\/\/www.tryplisboacaparica.com\/wp-content\/uploads\/2024\/01\/Tryp-Lisboa-Caparica-Mar_Sala-de-Reunioes-em-Plateia.jpg&#039;)\">\r\n\r\n\t\t\t\r\n\t\t\t\t\t<\/div>\r\n\t\t\t\t\t\t\t\t<\/div>\n\t\t\t\t\t\t\t\t\t\t\t<div class=\"swiper-slide\" role=\"group\" aria-roledescription=\"slide\">\n\t\t\t\t\t\t\t\t\t<div class=\"elementor-carousel-image portrait\" role=\"img\" aria-label=\"Tryp Lisboa Caparica Mar_Sala de Reuni\u00f5es em Escola\" style=\"background-image: url(&#039;https:\/\/www.tryplisboacaparica.com\/wp-content\/uploads\/2024\/01\/Tryp-Lisboa-Caparica-Mar_Sala-de-Reunioes-em-Escola-1.jpg&#039;)\">\r\n\r\n\t\t\t\r\n\t\t\t\t\t<\/div>\r\n\t\t\t\t\t\t\t\t<\/div>\n\t\t\t\t\t\t\t\t\t\t\t<div class=\"swiper-slide\" role=\"group\" aria-roledescription=\"slide\">\n\t\t\t\t\t\t\t\t\t<div class=\"elementor-carousel-image portrait\" role=\"img\" aria-label=\"Tryp Lisboa Caparica Mar_ Buffets Salas de Reuni\u00e3o\" style=\"background-image: url(&#039;https:\/\/www.tryplisboacaparica.com\/wp-content\/uploads\/2024\/01\/Tryp-Lisboa-Caparica-Mar_-Buffets-Salas-de-Reuniao.jpg&#039;)\">\r\n\r\n\t\t\t\r\n\t\t\t\t\t<\/div>\r\n\t\t\t\t\t\t\t\t<\/div>\n\t\t\t\t\t\t\t\t\t<\/div>\n\t\t\t\t\t\t\t\t\t\t\t\t\t\t\t<div class=\"elementor-swiper-button elementor-swiper-button-prev\" role=\"button\" tabindex=\"0\" aria-label=\"Pr\u00e9c\u00e9dent\">\n\t\t\t\t\t\t\t<i aria-hidden=\"true\" class=\"eicon-chevron-left\"><\/i>\t\t\t\t\t\t<\/div>\n\t\t\t\t\t\t<div class=\"elementor-swiper-button elementor-swiper-button-next\" role=\"button\" tabindex=\"0\" aria-label=\"Suivant\">\n\t\t\t\t\t\t\t<i aria-hidden=\"true\" class=\"eicon-chevron-right\"><\/i>\t\t\t\t\t\t<\/div>\n\t\t\t\t\t\t\t\t\t\t\t\t\t\t\t\t<div class=\"swiper-pagination\"><\/div>\n\t\t\t\t\t\t\t\t\t\t\t\t<\/div>\n\t\t\t\t<\/div>\n\t\t\t\t\t\t\t\t<\/div>\n\t\t\t\t<\/div>\n\t\t\t\t<\/div>\n\t\t<div class=\"elementor-element elementor-element-63e84f2 e-con-full e-flex e-con e-parent\" data-id=\"63e84f2\" data-element_type=\"container\" id=\"maisinfo\">\n\t\t<div class=\"elementor-element elementor-element-b1b4f3c e-con-full e-flex e-con e-child\" data-id=\"b1b4f3c\" data-element_type=\"container\" data-settings=\"{&quot;background_background&quot;:&quot;classic&quot;}\">\n\t\t\t\t<div class=\"elementor-element elementor-element-b2bdd52 elementor-widget elementor-widget-heading\" data-id=\"b2bdd52\" data-element_type=\"widget\" data-widget_type=\"heading.default\">\n\t\t\t\t<div class=\"elementor-widget-container\">\n\t\t\t\t\t<h5 class=\"elementor-heading-title elementor-size-default\">Faites votre r\u00e9servation<\/h5>\t\t\t\t<\/div>\n\t\t\t\t<\/div>\n\t\t\t\t<div class=\"elementor-element elementor-element-478b1b9 elementor-widget elementor-widget-template\" data-id=\"478b1b9\" data-element_type=\"widget\" data-widget_type=\"template.default\">\n\t\t\t\t<div class=\"elementor-widget-container\">\n\t\t\t\t\t\t\t<div class=\"elementor-template\">\n\t\t\t\t\t<div data-elementor-type=\"container\" data-elementor-id=\"11591\" class=\"elementor elementor-11591 elementor-11588\" data-elementor-post-type=\"elementor_library\">\n\t\t\t\t<div class=\"elementor-element elementor-element-a870136 e-con-full e-flex e-con e-parent\" data-id=\"a870136\" data-element_type=\"container\">\n\t\t\t\t<div class=\"elementor-element elementor-element-f932eec elementor-button-align-start spa-form elementor-widget elementor-widget-form\" data-id=\"f932eec\" data-element_type=\"widget\" data-settings=\"{&quot;step_next_label&quot;:&quot;Next&quot;,&quot;step_previous_label&quot;:&quot;Previous&quot;,&quot;button_width&quot;:&quot;100&quot;,&quot;step_type&quot;:&quot;number_text&quot;,&quot;step_icon_shape&quot;:&quot;circle&quot;}\" data-widget_type=\"form.default\">\n\t\t\t\t<div class=\"elementor-widget-container\">\n\t\t\t\t\t\t\t<form class=\"elementor-form\" method=\"post\" name=\"Form Reservar Evento FR\">\n\t\t\t<input type=\"hidden\" name=\"post_id\" value=\"11591\"\/>\n\t\t\t<input type=\"hidden\" name=\"form_id\" value=\"f932eec\"\/>\n\t\t\t<input type=\"hidden\" name=\"referer_title\" value=\"TRYP Costa da Caparica\" \/>\n\n\t\t\t\n\t\t\t<div class=\"elementor-form-fields-wrapper elementor-labels-\">\n\t\t\t\t\t\t\t\t<div class=\"elementor-field-type-text elementor-field-group elementor-column elementor-field-group-nome elementor-col-50 elementor-md-100 elementor-field-required\">\n\t\t\t\t\t\t\t\t\t\t\t\t<label for=\"form-field-nome\" class=\"elementor-field-label elementor-screen-only\">\n\t\t\t\t\t\t\t\tNom \u00a0*\t\t\t\t\t\t\t<\/label>\n\t\t\t\t\t\t\t\t\t\t\t\t\t\t<input size=\"1\" type=\"text\" name=\"form_fields[nome]\" id=\"form-field-nome\" class=\"elementor-field elementor-size-sm  elementor-field-textual\" placeholder=\"Nom \u00a0* \u00a0Votre nom\" required=\"required\">\n\t\t\t\t\t\t\t\t\t\t\t<\/div>\n\t\t\t\t\t\t\t\t<div class=\"elementor-field-type-text elementor-field-group elementor-column elementor-field-group-sobrenome elementor-col-50 elementor-md-100 elementor-field-required\">\n\t\t\t\t\t\t\t\t\t\t\t\t<label for=\"form-field-sobrenome\" class=\"elementor-field-label elementor-screen-only\">\n\t\t\t\t\t\t\t\tPr\u00e9nom \u00a0*\t\t\t\t\t\t\t<\/label>\n\t\t\t\t\t\t\t\t\t\t\t\t\t\t<input size=\"1\" type=\"text\" name=\"form_fields[sobrenome]\" id=\"form-field-sobrenome\" class=\"elementor-field elementor-size-sm  elementor-field-textual\" placeholder=\"Pr\u00e9nom \u00a0* \u00a0Votre pr\u00e9nom\" required=\"required\">\n\t\t\t\t\t\t\t\t\t\t\t<\/div>\n\t\t\t\t\t\t\t\t<div class=\"elementor-field-type-email elementor-field-group elementor-column elementor-field-group-email elementor-col-50 elementor-md-100 elementor-field-required\">\n\t\t\t\t\t\t\t\t\t\t\t\t<label for=\"form-field-email\" class=\"elementor-field-label elementor-screen-only\">\n\t\t\t\t\t\t\t\tEmail \u00a0*\t\t\t\t\t\t\t<\/label>\n\t\t\t\t\t\t\t\t\t\t\t\t\t\t<input size=\"1\" type=\"email\" name=\"form_fields[email]\" id=\"form-field-email\" class=\"elementor-field elementor-size-sm  elementor-field-textual\" placeholder=\"Email \u00a0* \u00a0Votre email\" required=\"required\">\n\t\t\t\t\t\t\t\t\t\t\t<\/div>\n\t\t\t\t\t\t\t\t<div class=\"elementor-field-type-tel elementor-field-group elementor-column elementor-field-group-telefone elementor-col-50 elementor-md-100 elementor-field-required\">\n\t\t\t\t\t\t\t\t\t\t\t\t<label for=\"form-field-telefone\" class=\"elementor-field-label elementor-screen-only\">\n\t\t\t\t\t\t\t\tT\u00e9l\u00e9phone \u00a0*\t\t\t\t\t\t\t<\/label>\n\t\t\t\t\t\t\t\t<input size=\"1\" type=\"tel\" name=\"form_fields[telefone]\" id=\"form-field-telefone\" class=\"elementor-field elementor-size-sm  elementor-field-textual\" placeholder=\"T\u00e9l\u00e9phone \u00a0* \u00a0Votre t\u00e9l\u00e9phone\" required=\"required\" pattern=\"[0-9()#&amp;+*-=.]+\" title=\"Seuls les caract\u00e8res de num\u00e9ros de t\u00e9l\u00e9phone (#, -, *, etc.) sont accept\u00e9s.\">\n\n\t\t\t\t\t\t<\/div>\n\t\t\t\t\t\t\t\t<div class=\"elementor-field-type-date elementor-field-group elementor-column elementor-field-group-data elementor-col-50 elementor-md-100 elementor-field-required\">\n\t\t\t\t\t\t\t\t\t\t\t\t<label for=\"form-field-data\" class=\"elementor-field-label elementor-screen-only\">\n\t\t\t\t\t\t\t\tDate \u00a0*\t\t\t\t\t\t\t<\/label>\n\t\t\t\t\t\t\n\t\t<input type=\"date\" name=\"form_fields[data]\" id=\"form-field-data\" class=\"elementor-field elementor-size-sm  elementor-field-textual elementor-date-field\" placeholder=\"Date \u00a0* \u00a0jj - mm - aaaa\" required=\"required\" pattern=\"[0-9]{4}-[0-9]{2}-[0-9]{2}\">\n\t\t\t\t\t\t<\/div>\n\t\t\t\t\t\t\t\t<div class=\"elementor-field-type-time elementor-field-group elementor-column elementor-field-group-hora elementor-col-50 elementor-md-100 elementor-field-required\">\n\t\t\t\t\t\t\t\t\t\t\t\t<label for=\"form-field-hora\" class=\"elementor-field-label elementor-screen-only\">\n\t\t\t\t\t\t\t\tHeure \u00a0*\t\t\t\t\t\t\t<\/label>\n\t\t\t\t\t\t\t\t<input type=\"time\" name=\"form_fields[hora]\" id=\"form-field-hora\" class=\"elementor-field elementor-size-sm  elementor-field-textual elementor-time-field\" placeholder=\"Heure \u00a0* \u00a0 hh : mm\" required=\"required\">\n\t\t\t\t\t\t<\/div>\n\t\t\t\t\t\t\t\t<div class=\"elementor-field-type-text elementor-field-group elementor-column elementor-field-group-npessoas elementor-col-100 elementor-md-100\">\n\t\t\t\t\t\t\t\t\t\t\t\t<label for=\"form-field-npessoas\" class=\"elementor-field-label elementor-screen-only\">\n\t\t\t\t\t\t\t\tNombre de personnes \u00a0*\t\t\t\t\t\t\t<\/label>\n\t\t\t\t\t\t\t\t\t\t\t\t\t\t<input size=\"1\" type=\"text\" name=\"form_fields[npessoas]\" id=\"form-field-npessoas\" class=\"elementor-field elementor-size-sm  elementor-field-textual\" placeholder=\"Nombre de personnes \u00a0*\">\n\t\t\t\t\t\t\t\t\t\t\t<\/div>\n\t\t\t\t\t\t\t\t<div class=\"elementor-field-type-textarea elementor-field-group elementor-column elementor-field-group-mensagem elementor-col-100\">\n\t\t\t\t\t\t\t\t\t\t\t\t<label for=\"form-field-mensagem\" class=\"elementor-field-label elementor-screen-only\">\n\t\t\t\t\t\t\t\tMessage \t\t\t\t\t\t\t<\/label>\n\t\t\t\t\t\t<textarea class=\"elementor-field-textual elementor-field  elementor-size-sm\" name=\"form_fields[mensagem]\" id=\"form-field-mensagem\" rows=\"4\" placeholder=\"Message Votre message\"><\/textarea>\t\t\t\t<\/div>\n\t\t\t\t\t\t\t\t<div class=\"elementor-field-type-acceptance elementor-field-group elementor-column elementor-field-group-aceito elementor-col-100\">\n\t\t\t\t\t\t\t<div class=\"elementor-field-subgroup\">\n\t\t\t<span class=\"elementor-field-option\">\n\t\t\t\t<input type=\"checkbox\" name=\"form_fields[aceito]\" id=\"form-field-aceito\" class=\"elementor-field elementor-size-sm  elementor-acceptance-field\">\n\t\t\t\t<label for=\"form-field-aceito\">J'accepte la collecte de mes donn\u00e9es et je connais la <a href=\"\/fr\/politique-de-confidentialite\/\" target=\"_blank\">Politique de confidentialit\u00e9<\/a><\/label>\t\t\t<\/span>\n\t\t<\/div>\n\t\t\t\t\t\t<\/div>\n\t\t\t\t\t\t\t\t<div class=\"elementor-field-type-recaptcha_v3 elementor-field-group elementor-column elementor-field-group-field_7671c87 elementor-col-100 recaptcha_v3-bottomright\">\n\t\t\t\t\t<div class=\"elementor-field\" id=\"form-field-field_7671c87\"><div class=\"elementor-g-recaptcha\" data-sitekey=\"6Lf1Wa0UAAAAACdxgKGx67QMOKKsP917ZCBJnR9S\" data-type=\"v3\" data-action=\"Form\" data-badge=\"bottomright\" data-size=\"invisible\"><\/div><\/div>\t\t\t\t<\/div>\n\t\t\t\t\t\t\t\t<div class=\"elementor-field-group elementor-column elementor-field-type-submit elementor-col-100 e-form__buttons\">\n\t\t\t\t\t<button class=\"elementor-button elementor-size-sm\" type=\"submit\">\n\t\t\t\t\t\t<span class=\"elementor-button-content-wrapper\">\n\t\t\t\t\t\t\t\t\t\t\t\t\t\t\t\t\t\t\t\t\t\t<span class=\"elementor-button-text\">Envoyer<\/span>\n\t\t\t\t\t\t\t\t\t\t\t\t\t<\/span>\n\t\t\t\t\t<\/button>\n\t\t\t\t<\/div>\n\t\t\t<\/div>\n\t\t<\/form>\n\t\t\t\t\t\t<\/div>\n\t\t\t\t<\/div>\n\t\t\t\t<\/div>\n\t\t\t\t<\/div>\n\t\t\t\t<\/div>\n\t\t\t\t\t\t<\/div>\n\t\t\t\t<\/div>\n\t\t\t\t<\/div>\n\t\t\t\t<\/div>\n\t\t\t\t<\/div>\n\t\t","protected":false},"excerpt":{"rendered":"<p>\u00c9v\u00e8nements Corporate Nos espaces offrent la combinaison id\u00e9ale entre l&#8217;ambiance sophistiqu\u00e9e, les services personnalis\u00e9s, les installations modernes, pour assurer votre \u00e9v\u00e8nement corporate. Que ce soit une conf\u00e9rence, une r\u00e9union d&#8217;affaires, un s\u00e9mainaire ou n&#8217;importe quel autre occasion corporate, nous cr\u00e9ons une atmosph\u00e9re de networking de coop\u00e9ration et de succ\u00e8s d&#8217;entrepreneur. SALLES DE R\u00c9UNIONS L&#8217; h\u00f4tel [&hellip;]<\/p>\n","protected":false},"author":1,"featured_media":0,"parent":0,"menu_order":0,"comment_status":"closed","ping_status":"closed","template":"","meta":{"_acf_changed":false,"footnotes":""},"class_list":["post-8042","page","type-page","status-publish","hentry"],"acf":[],"yoast_head":"<!-- This site is optimized with the Yoast SEO plugin v24.5 - https:\/\/yoast.com\/wordpress\/plugins\/seo\/ -->\n<title>\u00c9v\u00e8nements Corporate - TRYP Costa da Caparica<\/title>\n<meta name=\"description\" content=\"H\u00f4tel TRYP Lisboa Caparica Mar: reposant et d\u00e9contract\u00e9, en bord de mer, sur Costa da Caparica, la plus grande plage de Lisbonne.\" \/>\n<meta name=\"robots\" content=\"index, follow, max-snippet:-1, max-image-preview:large, max-video-preview:-1\" \/>\n<link rel=\"canonical\" href=\"https:\/\/www.tryplisboacaparica.com\/fr\/evenements-corporate\/\" \/>\n<meta property=\"og:locale\" content=\"fr_FR\" \/>\n<meta property=\"og:type\" content=\"article\" \/>\n<meta property=\"og:title\" content=\"\u00c9v\u00e8nements Corporate - TRYP Costa da Caparica\" \/>\n<meta property=\"og:description\" content=\"H\u00f4tel TRYP Lisboa Caparica Mar: reposant et d\u00e9contract\u00e9, en bord de mer, sur Costa da Caparica, la plus grande plage de Lisbonne.\" \/>\n<meta property=\"og:url\" content=\"https:\/\/www.tryplisboacaparica.com\/fr\/evenements-corporate\/\" \/>\n<meta property=\"og:site_name\" content=\"TRYP Costa da Caparica\" \/>\n<meta property=\"article:publisher\" content=\"https:\/\/www.facebook.com\/tryplisboacaparicamar\/\" \/>\n<meta property=\"article:modified_time\" content=\"2025-01-07T14:39:06+00:00\" \/>\n<meta property=\"og:image\" content=\"https:\/\/www.tryplisboacaparica.com\/wp-content\/uploads\/2024\/02\/TRYP_Lisboa_Caparica_Mar_Open-Graph.jpg\" \/>\n\t<meta property=\"og:image:width\" content=\"1200\" \/>\n\t<meta property=\"og:image:height\" content=\"630\" \/>\n\t<meta property=\"og:image:type\" content=\"image\/jpeg\" \/>\n<meta name=\"twitter:card\" content=\"summary_large_image\" \/>\n<meta name=\"twitter:label1\" content=\"Dur\u00e9e de lecture estim\u00e9e\" \/>\n\t<meta name=\"twitter:data1\" content=\"2 minutes\" \/>\n<script type=\"application\/ld+json\" class=\"yoast-schema-graph\">{\"@context\":\"https:\/\/schema.org\",\"@graph\":[{\"@type\":\"WebPage\",\"@id\":\"https:\/\/www.tryplisboacaparica.com\/fr\/evenements-corporate\/\",\"url\":\"https:\/\/www.tryplisboacaparica.com\/fr\/evenements-corporate\/\",\"name\":\"\u00c9v\u00e8nements Corporate - TRYP Costa da Caparica\",\"isPartOf\":{\"@id\":\"https:\/\/www.tryplisboacaparica.com\/fr\/#website\"},\"datePublished\":\"2024-01-24T09:37:42+00:00\",\"dateModified\":\"2025-01-07T14:39:06+00:00\",\"description\":\"H\u00f4tel TRYP Lisboa Caparica Mar: reposant et d\u00e9contract\u00e9, en bord de mer, sur Costa da Caparica, la plus grande plage de Lisbonne.\",\"breadcrumb\":{\"@id\":\"https:\/\/www.tryplisboacaparica.com\/fr\/evenements-corporate\/#breadcrumb\"},\"inLanguage\":\"fr-FR\",\"potentialAction\":[{\"@type\":\"ReadAction\",\"target\":[\"https:\/\/www.tryplisboacaparica.com\/fr\/evenements-corporate\/\"]}]},{\"@type\":\"BreadcrumbList\",\"@id\":\"https:\/\/www.tryplisboacaparica.com\/fr\/evenements-corporate\/#breadcrumb\",\"itemListElement\":[{\"@type\":\"ListItem\",\"position\":1,\"name\":\"In\u00edcio\",\"item\":\"https:\/\/www.tryplisboacaparica.com\/fr\/\"},{\"@type\":\"ListItem\",\"position\":2,\"name\":\"\u00c9v\u00e8nements Corporate\"}]},{\"@type\":\"WebSite\",\"@id\":\"https:\/\/www.tryplisboacaparica.com\/fr\/#website\",\"url\":\"https:\/\/www.tryplisboacaparica.com\/fr\/\",\"name\":\"TRYP Costa da Caparica\",\"description\":\"Hotel TRYP Lisboa Caparica Mar: ambiente relaxante \u00e0 beira-mar, na Costa da Caparica, a maior e mais famosa praia da regi\u00e3o de Lisboa.\",\"publisher\":{\"@id\":\"https:\/\/www.tryplisboacaparica.com\/fr\/#organization\"},\"alternateName\":\"Lisboa Caparica Mar\",\"potentialAction\":[{\"@type\":\"SearchAction\",\"target\":{\"@type\":\"EntryPoint\",\"urlTemplate\":\"https:\/\/www.tryplisboacaparica.com\/fr\/?s={search_term_string}\"},\"query-input\":{\"@type\":\"PropertyValueSpecification\",\"valueRequired\":true,\"valueName\":\"search_term_string\"}}],\"inLanguage\":\"fr-FR\"},{\"@type\":\"Organization\",\"@id\":\"https:\/\/www.tryplisboacaparica.com\/fr\/#organization\",\"name\":\"TRYP Costa da Caparica\",\"alternateName\":\"TRYP Lisboa Caparica Mar\",\"url\":\"https:\/\/www.tryplisboacaparica.com\/fr\/\",\"logo\":{\"@type\":\"ImageObject\",\"inLanguage\":\"fr-FR\",\"@id\":\"https:\/\/www.tryplisboacaparica.com\/fr\/#\/schema\/logo\/image\/\",\"url\":\"https:\/\/www.tryplisboacaparica.com\/wp-content\/uploads\/2025\/12\/TrypLisboaCaparicaMar_Logo.png\",\"contentUrl\":\"https:\/\/www.tryplisboacaparica.com\/wp-content\/uploads\/2025\/12\/TrypLisboaCaparicaMar_Logo.png\",\"width\":199,\"height\":90,\"caption\":\"TRYP Costa da Caparica\"},\"image\":{\"@id\":\"https:\/\/www.tryplisboacaparica.com\/fr\/#\/schema\/logo\/image\/\"},\"sameAs\":[\"https:\/\/www.facebook.com\/tryplisboacaparicamar\/\",\"https:\/\/www.linkedin.com\/company\/hoti-hoteis\/\",\"https:\/\/www.tripadvisor.pt\/Hotel_Review-g656856-d280552-Reviews-TRYP_by_Wyndham_Lisboa_Caparica_Mar-Costa_da_Caparica_Setubal_District_Alentejo.html\"]}]}<\/script>\n<!-- \/ Yoast SEO plugin. -->","yoast_head_json":{"title":"\u00c9v\u00e8nements Corporate - TRYP Costa da Caparica","description":"H\u00f4tel TRYP Lisboa Caparica Mar: reposant et d\u00e9contract\u00e9, en bord de mer, sur Costa da Caparica, la plus grande plage de Lisbonne.","robots":{"index":"index","follow":"follow","max-snippet":"max-snippet:-1","max-image-preview":"max-image-preview:large","max-video-preview":"max-video-preview:-1"},"canonical":"https:\/\/www.tryplisboacaparica.com\/fr\/evenements-corporate\/","og_locale":"fr_FR","og_type":"article","og_title":"\u00c9v\u00e8nements Corporate - TRYP Costa da Caparica","og_description":"H\u00f4tel TRYP Lisboa Caparica Mar: reposant et d\u00e9contract\u00e9, en bord de mer, sur Costa da Caparica, la plus grande plage de Lisbonne.","og_url":"https:\/\/www.tryplisboacaparica.com\/fr\/evenements-corporate\/","og_site_name":"TRYP Costa da Caparica","article_publisher":"https:\/\/www.facebook.com\/tryplisboacaparicamar\/","article_modified_time":"2025-01-07T14:39:06+00:00","og_image":[{"width":1200,"height":630,"url":"https:\/\/www.tryplisboacaparica.com\/wp-content\/uploads\/2024\/02\/TRYP_Lisboa_Caparica_Mar_Open-Graph.jpg","type":"image\/jpeg"}],"twitter_card":"summary_large_image","twitter_misc":{"Dur\u00e9e de lecture estim\u00e9e":"2 minutes"},"schema":{"@context":"https:\/\/schema.org","@graph":[{"@type":"WebPage","@id":"https:\/\/www.tryplisboacaparica.com\/fr\/evenements-corporate\/","url":"https:\/\/www.tryplisboacaparica.com\/fr\/evenements-corporate\/","name":"\u00c9v\u00e8nements Corporate - TRYP Costa da Caparica","isPartOf":{"@id":"https:\/\/www.tryplisboacaparica.com\/fr\/#website"},"datePublished":"2024-01-24T09:37:42+00:00","dateModified":"2025-01-07T14:39:06+00:00","description":"H\u00f4tel TRYP Lisboa Caparica Mar: reposant et d\u00e9contract\u00e9, en bord de mer, sur Costa da Caparica, la plus grande plage de Lisbonne.","breadcrumb":{"@id":"https:\/\/www.tryplisboacaparica.com\/fr\/evenements-corporate\/#breadcrumb"},"inLanguage":"fr-FR","potentialAction":[{"@type":"ReadAction","target":["https:\/\/www.tryplisboacaparica.com\/fr\/evenements-corporate\/"]}]},{"@type":"BreadcrumbList","@id":"https:\/\/www.tryplisboacaparica.com\/fr\/evenements-corporate\/#breadcrumb","itemListElement":[{"@type":"ListItem","position":1,"name":"In\u00edcio","item":"https:\/\/www.tryplisboacaparica.com\/fr\/"},{"@type":"ListItem","position":2,"name":"\u00c9v\u00e8nements Corporate"}]},{"@type":"WebSite","@id":"https:\/\/www.tryplisboacaparica.com\/fr\/#website","url":"https:\/\/www.tryplisboacaparica.com\/fr\/","name":"TRYP Costa da Caparica","description":"Hotel TRYP Lisboa Caparica Mar: ambiente relaxante \u00e0 beira-mar, na Costa da Caparica, a maior e mais famosa praia da regi\u00e3o de Lisboa.","publisher":{"@id":"https:\/\/www.tryplisboacaparica.com\/fr\/#organization"},"alternateName":"Lisboa Caparica Mar","potentialAction":[{"@type":"SearchAction","target":{"@type":"EntryPoint","urlTemplate":"https:\/\/www.tryplisboacaparica.com\/fr\/?s={search_term_string}"},"query-input":{"@type":"PropertyValueSpecification","valueRequired":true,"valueName":"search_term_string"}}],"inLanguage":"fr-FR"},{"@type":"Organization","@id":"https:\/\/www.tryplisboacaparica.com\/fr\/#organization","name":"TRYP Costa da Caparica","alternateName":"TRYP Lisboa Caparica Mar","url":"https:\/\/www.tryplisboacaparica.com\/fr\/","logo":{"@type":"ImageObject","inLanguage":"fr-FR","@id":"https:\/\/www.tryplisboacaparica.com\/fr\/#\/schema\/logo\/image\/","url":"https:\/\/www.tryplisboacaparica.com\/wp-content\/uploads\/2025\/12\/TrypLisboaCaparicaMar_Logo.png","contentUrl":"https:\/\/www.tryplisboacaparica.com\/wp-content\/uploads\/2025\/12\/TrypLisboaCaparicaMar_Logo.png","width":199,"height":90,"caption":"TRYP Costa da Caparica"},"image":{"@id":"https:\/\/www.tryplisboacaparica.com\/fr\/#\/schema\/logo\/image\/"},"sameAs":["https:\/\/www.facebook.com\/tryplisboacaparicamar\/","https:\/\/www.linkedin.com\/company\/hoti-hoteis\/","https:\/\/www.tripadvisor.pt\/Hotel_Review-g656856-d280552-Reviews-TRYP_by_Wyndham_Lisboa_Caparica_Mar-Costa_da_Caparica_Setubal_District_Alentejo.html"]}]}},"_links":{"self":[{"href":"https:\/\/www.tryplisboacaparica.com\/fr\/wp-json\/wp\/v2\/pages\/8042","targetHints":{"allow":["GET"]}}],"collection":[{"href":"https:\/\/www.tryplisboacaparica.com\/fr\/wp-json\/wp\/v2\/pages"}],"about":[{"href":"https:\/\/www.tryplisboacaparica.com\/fr\/wp-json\/wp\/v2\/types\/page"}],"author":[{"embeddable":true,"href":"https:\/\/www.tryplisboacaparica.com\/fr\/wp-json\/wp\/v2\/users\/1"}],"replies":[{"embeddable":true,"href":"https:\/\/www.tryplisboacaparica.com\/fr\/wp-json\/wp\/v2\/comments?post=8042"}],"version-history":[{"count":10,"href":"https:\/\/www.tryplisboacaparica.com\/fr\/wp-json\/wp\/v2\/pages\/8042\/revisions"}],"predecessor-version":[{"id":15809,"href":"https:\/\/www.tryplisboacaparica.com\/fr\/wp-json\/wp\/v2\/pages\/8042\/revisions\/15809"}],"wp:attachment":[{"href":"https:\/\/www.tryplisboacaparica.com\/fr\/wp-json\/wp\/v2\/media?parent=8042"}],"curies":[{"name":"wp","href":"https:\/\/api.w.org\/{rel}","templated":true}]}}